{"id":20580,"date":"2025-05-01T01:50:39","date_gmt":"2025-05-01T01:50:39","guid":{"rendered":"https:\/\/worldpressfreedomcanada.ca\/?post_type=award&#038;p=20580"},"modified":"2025-05-01T01:50:39","modified_gmt":"2025-05-01T01:50:39","slug":"2025","status":"publish","type":"award","link":"https:\/\/worldpressfreedomcanada.ca\/fr\/prix-liberte-presse\/2025\/","title":{"rendered":"2025"},"content":{"rendered":"\n<h2 class=\"wp-block-heading\">F\u00e9licitations aux laur\u00e9ats des Prix de la libert\u00e9 de la presse 2025 !<\/h2>\n\n\n\n<h3 class=\"wp-block-heading\" id=\"renaud\"><strong>Laur\u00e9at du prix de la libert\u00e9 de la presse, Daniel Renaud<\/strong><\/h3>\n\n\n<div class=\"wp-block-image\">\n<figure class=\"alignleft size-full is-resized\"><img loading=\"lazy\" decoding=\"async\" width=\"479\" height=\"471\" src=\"https:\/\/worldpressfreedomcanada.ca\/wp-content\/uploads\/2025\/04\/daniel-renaud.png\" alt=\"\" class=\"wp-image-20560\" style=\"width:393px;height:auto\" srcset=\"https:\/\/worldpressfreedomcanada.ca\/wp-content\/uploads\/2025\/04\/daniel-renaud.png 479w, https:\/\/worldpressfreedomcanada.ca\/wp-content\/uploads\/2025\/04\/daniel-renaud-300x295.png 300w\" sizes=\"auto, (max-width: 479px) 100vw, 479px\" \/><\/figure>\n<\/div>\n\n\n<p>Pour ses coll\u00e8gues \u00e0 la salle de r\u00e9daction de La Presse, Daniel Renaud est professionnel et discret, mais ses reportages audacieux t\u00e9moignent de l\u2019importance d\u2019un journalisme rigoureux, ind\u00e9pendant et profond\u00e9ment courageux au Canada.<\/p>\n\n\n\n<p>Or, ces reportages ont bien failli lui co\u00fbter la vie.<\/p>\n\n\n\n<p>En 2024, Renaud a pass\u00e9 des mois \u00e0 recueillir et \u00e0 organiser une quantit\u00e9 impressionnante d\u2019informations provenant d\u2019entrevues et de documents, ce qui a abouti \u00e0 un portrait exceptionnel de Fr\u00e9d\u00e9rick Silva, tueur professionnel pour la mafia montr\u00e9alaise.<\/p>\n\n\n\n<p>Chaque ann\u00e9e, Libert\u00e9 de la presse Canada rend hommage aux personnes qui apportent une contribution exceptionnelle \u00e0 la libert\u00e9 de la presse au Canada. Les prix annuels de la libert\u00e9 de la presse r\u00e9compensent des personnes dont les reportages d\u2019int\u00e9r\u00eat public ont surmont\u00e9 des difficult\u00e9s importantes, telles que le secret gouvernemental, les pressions juridiques, l\u2019intimidation politique, les menaces de violence, le harc\u00e8lement ou d\u2019autres tactiques visant \u00e0 \u00e9touffer leur travail ou \u00e0 mettre en p\u00e9ril leur s\u00e9curit\u00e9 et leur carri\u00e8re. Libert\u00e9 de la presse Canada d\u00e9cerne deux prix de la libert\u00e9 de la presse, l\u2019un pour les grandes publications et le prix de la libert\u00e9 de la presse, journalisme local, pour un journaliste qui travaille pour un organisme d\u2019information de petite taille.<\/p>\n\n\n\n<p>Si les dangers du m\u00e9tier de journaliste n\u2019ont plus aucun myst\u00e8re pour Daniel Renaud, qui enqu\u00eate courageusement sur le monde du crime organis\u00e9 depuis pr\u00e8s de 30 ans, une des nombreuses informations qu\u2019il a apprises sur Silva sort du lot tant elle est terrifiante.<\/p>\n\n\n\n<p>Le travail journalistique de Renaud a fait de lui une cible, et sa t\u00eate a \u00e9t\u00e9 mise \u00e0 prix \u00e0 hauteur de 100 000 $.<\/p>\n\n\n\n<p>En effet, apr\u00e8s \u00eatre devenu d\u00e9lateur, Fr\u00e9d\u00e9rick Silva a r\u00e9v\u00e9l\u00e9 aux enqu\u00eateurs qu\u2019il en avait eu assez des r\u00e9v\u00e9lations faites par le journaliste de La Presse et qu\u2019il avait voulu le faire assassiner. De hauts dirigeants d\u2019organisations criminelles qu\u00e9b\u00e9coises avaient approuv\u00e9 le complot, et une \u00e9quipe de tueurs professionnels avait \u00e9t\u00e9 tri\u00e9e sur le volet pour le liquider.<\/p>\n\n\n\n<p>Heureusement pour Daniel Renaud, le plan a avort\u00e9.<\/p>\n\n\n\n<p>Pourquoi ses reportages ont-ils autant exasp\u00e9r\u00e9 Silva? Apparemment, la persistance ind\u00e9fectible du journaliste, qui s\u2019\u00e9tait pr\u00e9sent\u00e9 au tribunal pour chaque audience du proc\u00e8s de Fr\u00e9d\u00e9rick Silva, avait contrari\u00e9 le tueur \u00e0 gages. Daniel Renaud \u00e9tait souvent le seul journaliste dans la salle d\u2019audience et il \u00e9tait toujours au rendez-vous, m\u00eame quand la question \u00e0 l\u2019\u00e9tude ce jour-l\u00e0 \u00e9tait d\u2019ordre technique ou apparemment inint\u00e9ressante.<\/p>\n\n\n\n<p>Le rendez-vous manqu\u00e9 de Daniel Renaud avec la mort a piqu\u00e9 l\u2019int\u00e9r\u00eat de m\u00e9dias partout dans le monde, dont la BBC, les journaux Daily Mail et Times of India, la t\u00e9l\u00e9vision fran\u00e7aise et pratiquement tous les m\u00e9dias d\u2019information canadiens.<\/p>\n\n\n\n<p>Au Qu\u00e9bec, des d\u00e9put\u00e9es et d\u00e9put\u00e9s des quatre partis politiques se sont lev\u00e9s \u00e0 l\u2019Assembl\u00e9e nationale pour exprimer leur solidarit\u00e9 envers Daniel Renaud. \u00c0 la Chambre des communes, leurs homologues f\u00e9d\u00e9raux ont adopt\u00e9 une proposition \u00e0 l\u2019unanimit\u00e9 pour soutenir ce journaliste dont le travail est un \u00ab pilier de notre d\u00e9mocratie \u00bb et souligner l\u2019importance pour les journalistes de pouvoir faire leur travail librement, \u00ab sans crainte de repr\u00e9sailles \u00bb.<\/p>\n\n\n\n<p>Selon le d\u00e9put\u00e9 de Qu\u00e9bec Solidaire \u00e0 l\u2019Assembl\u00e9e nationale Vincent Marissal, un ancien journaliste de La Presse, Renaud \u00ab n\u2019est pas le gars qui fait le plus de bruit dans une salle de r\u00e9daction, mais apparemment, il d\u00e9range beaucoup. \u00c7a veut dire qu\u2019il fait son travail. \u00bb<\/p>\n\n\n\n<p>Au-del\u00e0 des m\u00e9dias, le travail de Renaud a g\u00e9n\u00e9r\u00e9 un d\u00e9bat public important sur le caract\u00e8re essentiel du journalisme ind\u00e9pendant, y compris parmi les politiciens, les corps policiers, les avocates et avocats, la magistrature et le grand public.<\/p>\n\n\n\n<p>Le jury de Libert\u00e9 de la presse Canada est d\u2019accord.<\/p>\n\n\n\n<p>Apr\u00e8s avoir appris qu\u2019il avait failli perdre la vie aux mains de la mafia, Renaud a pris une journ\u00e9e de cong\u00e9 pour se remettre du choc. Le lendemain, il reprenait d\u00e9j\u00e0 le boulot.<\/p>\n\n\n\n<hr class=\"wp-block-separator has-alpha-channel-opacity\"\/>\n\n\n\n<h3 class=\"wp-block-heading\"><strong>Prix de la libert\u00e9 de la presse certificat de m\u00e9rite<\/strong><\/h3>\n\n\n<div class=\"wp-block-image\">\n<figure class=\"alignleft size-full is-resized\"><img loading=\"lazy\" decoding=\"async\" width=\"478\" height=\"620\" src=\"https:\/\/worldpressfreedomcanada.ca\/wp-content\/uploads\/2025\/04\/robertson-and-blaze.png\" alt=\"\" class=\"wp-image-20562\" style=\"width:323px;height:auto\" srcset=\"https:\/\/worldpressfreedomcanada.ca\/wp-content\/uploads\/2025\/04\/robertson-and-blaze.png 478w, https:\/\/worldpressfreedomcanada.ca\/wp-content\/uploads\/2025\/04\/robertson-and-blaze-231x300.png 231w\" sizes=\"auto, (max-width: 478px) 100vw, 478px\" \/><\/figure>\n<\/div>\n\n\n<p id=\"globe\"><strong><em>Grant Robertson et Kathryn Blaze Baum<\/em><\/strong><\/p>\n\n\n\n<p>Pendant pr\u00e8s d\u2019un an, une entreprise de transformation alimentaire de Pickering en Ontario a d\u00fb faire face \u00e0 un probl\u00e8me de list\u00e9ria qui \u00e9tait demeur\u00e9 non ind\u00e9fi\u00e9 et donc non pris en charge.<\/p>\n\n\n\n<p>Trois personnes sont mortes et consid\u00e9rablement plus furent malades suite \u00e0 cette \u00e9pid\u00e9mie qui a \u00e9t\u00e9 qualifi\u00e9e de terrible accident. La r\u00e9alit\u00e9 c\u2019est qu\u2019il s\u2019agissait de plus que cela et que les Canadiens n\u2019\u00e9taient pas au courant.<\/p>\n\n\n\n<p>Une enqu\u00eate du Globe and Mail, men\u00e9e en 2024, a fait la lumi\u00e8re sur les failles du syst\u00e8me de s\u00e9curit\u00e9 alimentaire au Canada et sur le fonctionnement de l\u2019Agence canadienne d\u2019inspection des aliments.<\/p>\n\n\n\n<p>Dans leur s\u00e9rie \u201cThe Algorithm\u201d les reporters Grant Robertson et Kathryn Blaze Baum ont r\u00e9v\u00e9l\u00e9 de nouvelles informations d\u00e9rangeantes sur la fa\u00e7on dont les entreprises de transformation alimentaire avaient r\u00e9ussi \u00e0 obtenir le droit de s\u2019auto-r\u00e9glementer dans un syst\u00e8me qui met \u00e0 risque la sant\u00e9 du public.<\/p>\n\n\n\n<p>Par un travail acharn\u00e9 pendant plusieurs mois, Robertson et Baum ont r\u00e9ussi \u00e0 faire avouer par l\u2019ACIA une r\u00e9alit\u00e9 qu\u2019elle gardait sous silence \u2013 que l\u2019usine en question \u00e0 Pickering n\u2019avait jamais \u00e9t\u00e9 inspect\u00e9e avant l\u2019\u00e9pid\u00e9mie.<\/p>\n\n\n\n<p>Gr\u00e2ce \u00e0 des informations de diverses sources \u00e0 l\u2019int\u00e9rieur de l\u2019ACIA et du gouvernement f\u00e9d\u00e9ral, appuy\u00e9es par des centaines de documents, l\u2019enqu\u00eate a produit sa plus importante r\u00e9v\u00e9lation: pour rendre le syst\u00e8me d\u2019inspection plus efficace, l\u2019ACIA avait adopt\u00e9 une approche de gestion des risques, g\u00e9r\u00e9e par un algorithme qui d\u00e9cidait quelles usines devaient \u00eatre prioris\u00e9es pour une inspection, et celles qui ne l\u2019\u00e9taient pas.<\/p>\n\n\n\n<p>En raison de probl\u00e8mes s\u00e9rieux avec l\u2019algorithme, l\u2019usine de Pickering est pass\u00e9e entre les fentes du plancher, causant les trois morts.<\/p>\n\n\n\n<p>Les reporters ont d\u00e9velopp\u00e9 un r\u00e9seau d\u2019une quarantaine d\u2019informateurs, plusieurs d\u2019entre eux au gouvernement f\u00e9d\u00e9ral et plusieurs autres dans la communaut\u00e9 internationale de la s\u00e9curit\u00e9 alimentaire. Parmi ces sources, on retrouve des inspecteurs de l\u2019ACIA qui ont parl\u00e9 aux journalistes du Globe malgr\u00e9 les risques que cela repr\u00e9sentait.<\/p>\n\n\n\n<p>Robertson et Baum ont fait face \u00e0 \u00e9norm\u00e9ment d\u2019obstruction de la part du propri\u00e9taire de l\u2019entreprise, Joriki Inc. et de Danone Inc, le g\u00e9ant de l\u2019industrie laiti\u00e8re en France, toutes deux impliqu\u00e9es dans l\u2019affaire des produits contamin\u00e9s.<\/p>\n\n\n\n<p>La plus grande obstruction est cependant venue de l\u2019ACIA. Pendant une p\u00e9riode de deux mois, le Globe a d\u00fb envoyer plus de 90 questions \u00e0 l\u2019Agence pour pouvoir d\u00e9couvrir dans le d\u00e9tail ce qui s\u2019\u00e9tait pass\u00e9.<\/p>\n\n\n\n<p>Ce travail a eu un impact imm\u00e9diat qui va transformer le fonctionnement de l\u2019ACIA et du syst\u00e8me de salubrit\u00e9 des aliments.<\/p>\n\n\n\n<h4 class=\"wp-block-heading\" id=\"sonntag\"><strong><em>Patti Sonntag<\/em><\/strong><\/h4>\n\n\n<div class=\"wp-block-image\">\n<figure class=\"alignleft size-full is-resized\"><img loading=\"lazy\" decoding=\"async\" width=\"400\" height=\"400\" src=\"https:\/\/worldpressfreedomcanada.ca\/wp-content\/uploads\/2025\/04\/patti-sonntag.jpg\" alt=\"\" class=\"wp-image-20564\" style=\"width:258px;height:auto\" srcset=\"https:\/\/worldpressfreedomcanada.ca\/wp-content\/uploads\/2025\/04\/patti-sonntag.jpg 400w, https:\/\/worldpressfreedomcanada.ca\/wp-content\/uploads\/2025\/04\/patti-sonntag-300x300.jpg 300w, https:\/\/worldpressfreedomcanada.ca\/wp-content\/uploads\/2025\/04\/patti-sonntag-150x150.jpg 150w\" sizes=\"auto, (max-width: 400px) 100vw, 400px\" \/><\/figure>\n<\/div>\n\n\n<p>Les dirigeants autochtones demandent depuis longtemps au gouvernement d&rsquo;enqu\u00eater sur les abus pr\u00e9sum\u00e9s de sa politique d&rsquo;approvisionnement aupr\u00e8s des Autochtones.<\/p>\n\n\n\n<p>Entendant ces pr\u00e9occupations, Patti Sonntag a pris les devants pour faire ce que le gouvernement f\u00e9d\u00e9ral ne faisait pas. \u00c0 la t\u00eate d&rsquo;une \u00e9quipe d&rsquo;\u00e9tudiants de l&rsquo;Universit\u00e9 des Premi\u00e8res Nations du Canada, elle a suivi avec diligence une piste qui a men\u00e9 \u00e0 des soumissions potentiellement frauduleuses, \u00e0 une n\u00e9gligence dans la surveillance publique et m\u00eame \u00e0 un r\u00e9seau de trafic de coca\u00efne.<\/p>\n\n\n\n<p>Au cours de son enqu\u00eate, Mme Sonntag a fait l&rsquo;objet de menaces juridiques de la part d&rsquo;importants entrepreneurs publics et s&rsquo;est acharn\u00e9e \u00e0 obtenir des informations gouvernementales qui avaient \u00e9t\u00e9 dissimul\u00e9es au public et aux entrepreneurs autochtones l\u00e9gitimes pendant 28 ans.<\/p>\n\n\n\n<p>Les reportages de l&rsquo;\u00e9quipe ont donn\u00e9 lieu \u00e0 trois enqu\u00eates parlementaires, ainsi qu&rsquo;\u00e0 la d\u00e9mission du lib\u00e9ral Randy Boissonnault du cabinet apr\u00e8s que Mme Sonntag eut r\u00e9v\u00e9l\u00e9 que son entreprise avait faussement d\u00e9clar\u00e9 \u00eatre d\u00e9tenue par des Autochtones dans une correspondance relative \u00e0 des appels d&rsquo;offres pour des contrats gouvernementaux.<\/p>\n\n\n\n<p>En collaboration avec ses coll\u00e8gues et seule, Mme Sonntag a men\u00e9 plusieurs enqu\u00eates, de la phase initiale jusqu&rsquo;\u00e0 la publication finale dans le National Post et Global News. La s\u00e9rie a \u00e9t\u00e9 lanc\u00e9e en ao\u00fbt 2024 et les reportages se sont poursuivis tout au long de l&rsquo;automne jusqu&rsquo;\u00e0 aujourd&rsquo;hui.<\/p>\n\n\n\n<p>Selon Patricia Elliott, sa coll\u00e8gue de la FNU, la capacit\u00e9 de Mme Sonntag \u00e0 mener cette enqu\u00eate repose sur la confiance qu&rsquo;elle a \u00e9tablie au fil des ans avec les organisations autochtones et les membres de la communaut\u00e9. Qu&rsquo;il s&rsquo;agisse d&rsquo;enqu\u00eater sur la contamination de l&rsquo;eau potable ou sur les politiques fiscales f\u00e9d\u00e9rales qui violent les trait\u00e9s, Mme Sonntag a prouv\u00e9 qu&rsquo;elle \u00e9tait une journaliste \u00e0 l&rsquo;\u00e9coute des voix autochtones et qui prend leurs pr\u00e9occupations au s\u00e9rieux.<\/p>\n\n\n\n<p>Elle a r\u00e9cemment rejoint la Fondation du journalisme d&rsquo;investigation en tant que nouvelle reporter \u00e0 Ottawa et se dit impatiente de se plonger dans les donn\u00e9es pour d\u00e9noncer la corruption dans la politique f\u00e9d\u00e9rale.<\/p>\n\n\n\n<hr class=\"wp-block-separator has-alpha-channel-opacity\"\/>\n\n\n\n<h3 class=\"wp-block-heading\"><strong>Laur\u00e9ats du Prix de la libert\u00e9 de la presse, journalisme local<\/strong><\/h3>\n\n\n\n<figure class=\"wp-block-image size-full\"><img loading=\"lazy\" decoding=\"async\" width=\"871\" height=\"635\" src=\"https:\/\/worldpressfreedomcanada.ca\/wp-content\/uploads\/2025\/04\/Screenshot-2025-04-26-173645.png\" alt=\"\" class=\"wp-image-20566\" srcset=\"https:\/\/worldpressfreedomcanada.ca\/wp-content\/uploads\/2025\/04\/Screenshot-2025-04-26-173645.png 871w, https:\/\/worldpressfreedomcanada.ca\/wp-content\/uploads\/2025\/04\/Screenshot-2025-04-26-173645-300x219.png 300w, https:\/\/worldpressfreedomcanada.ca\/wp-content\/uploads\/2025\/04\/Screenshot-2025-04-26-173645-768x560.png 768w\" sizes=\"auto, (max-width: 871px) 100vw, 871px\" \/><\/figure>\n\n\n\n<p><strong>Au premier rang : la chroniqueuse Luisa D&rsquo;Amato. Au deuxi\u00e8me rang, de gauche \u00e0 droite : les journalistes Robert Williams, Terry Pender et Jeff Outhit. \u00c0 l&rsquo;extr\u00eame droite : le r\u00e9dacteur en chef Jim Poling.<\/strong><\/p>\n\n\n\n<p>Le Waterloo Region Record est un quotidien qui dessert Kitchener, Waterloo, Cambridge et les communaut\u00e9s rurales avoisinantes du sud-ouest de l\u2019Ontario.<\/p>\n\n\n\n<p>Dans une \u00e9poque o\u00f9 plusieurs journaux \u00e9prouvent des difficult\u00e9s financi\u00e8res et doivent faire des choix difficiles, le Record maintien les ressources qu\u2019il consacre aux reportages de fond et d\u2019enqu\u00eate qui d\u00e9fient le secret des gouvernements et qui font rendre des comptes aux d\u00e9cideurs.<\/p>\n\n\n\n<p>Plut\u00f4t que de mettre en lumi\u00e8re le travail d\u2019un journaliste, Libert\u00e9 de la presse Canada a d\u00e9cid\u00e9 de reconna\u00eetre le journal lui-m\u00eame pour notre prix de journalisme r\u00e9gional. La candidature soumise par le r\u00e9dacteur en chef Jim Poling, met en lumi\u00e8re le travail de quatre journalistes : Terry Pender, Robert Williams, Luisa D\u2019Amato et Jeff Outhit.<\/p>\n\n\n\n<p>Chacun a d\u00fb affronter la conspiration du silence des institutions publiques, parmi lesquelles les administrations municipales locales, le syst\u00e8me scolaire public et le coll\u00e8ge communautaire. Ils ont r\u00e9ussi \u00e0 percer ce mur de silence par du travail d\u2019enqu\u00eate prudent et par des interventions convaincantes et passionn\u00e9es.<\/p>\n\n\n\n<p>Certains reportages ont pris des mois \u00e0 \u00eatre produits. \u00c0 chaque occasion, le Record a publi\u00e9 en primeur et a \u00e9t\u00e9 la principale source d\u2019information pour le public. Ces articles ont mis au jour :<\/p>\n\n\n\n<ul class=\"wp-block-list\">\n<li>Un plan secret, orchestr\u00e9 par le gouvernement provincial et tenu sous silence par les \u00e9lus locaux, qui mena\u00e7ait les agriculteurs d\u2019expropriation de leurs terres.<\/li>\n\n\n\n<li>Un scandale national impliquant le coll\u00e8ge communautaire local et sa campagne agressive de recrutement d\u2019\u00e9tudiants \u00e9trangers qui d\u00e9boursent des frais de scolarit\u00e9 plus \u00e9lev\u00e9s. Le Record a mis \u00e0 jour l\u2019histoire avec des d\u00e9tails sur les inscriptions d\u2019\u00e9tudiants \u00e9trangers et les finances du coll\u00e8ge.<\/li>\n\n\n\n<li>Un manque de transparence \u00e0 la commission scolaire publique locale apr\u00e8s qu\u2019elle eut embauch\u00e9 un directeur qui s\u2019\u00e9tait donn\u00e9 un mandat de changement mais qui restait tr\u00e8s secret sur son processus d\u00e9cisionnel.<\/li>\n\n\n\n<li>Un voile de silence entourant un plan du gouvernement de l\u2019Ontario de r\u00e9former le syst\u00e8me complexe des municipalit\u00e9s r\u00e9gionales. Il y a 5 ans, le gouvernement a mandat\u00e9 deux experts pour organiser des assembl\u00e9es, mener des entrevues et rassembler des id\u00e9es sur le sujet. Une fois publi\u00e9, le rapport a \u00e9t\u00e9 tablett\u00e9 et cach\u00e9 du public. Le journal continue de contester le silence entourant ce rapport.<\/li>\n\n\n\n<li>L\u2019histoire incroyable du gouvernement f\u00e9d\u00e9ral qui a permis \u00e0 des criminels de guerre nazis de s\u2019installer au Canada. Pendant 5 ans. Le journaliste Terry Pender a d\u00fb combattre Biblioth\u00e8que et Archives Canada pour obtenir une copie du rapport secret sur la question.<\/li>\n<\/ul>\n\n\n\n<p>Le travail effectu\u00e9 par le Record d\u00e9montre bien l\u2019importance du journalisme r\u00e9gional pour informer les citoyens et faire la lumi\u00e8re sur des d\u00e9cisions et des actions que ceux qui d\u00e9tiennent le pouvoir pr\u00e9f\u00e9reraient maintenir dans l\u2019ombre.<\/p>\n\n\n\n<hr class=\"wp-block-separator has-alpha-channel-opacity\"\/>\n\n\n\n<h3 class=\"wp-block-heading\" id=\"bruser\"><strong>Prix pour l\u2019ensemble de la carri\u00e8re en l\u2019honneur de Spencer Moore, Bert Bruser<\/strong><\/h3>\n\n\n\n<figure class=\"wp-block-image size-full is-resized\"><img loading=\"lazy\" decoding=\"async\" width=\"751\" height=\"540\" src=\"https:\/\/worldpressfreedomcanada.ca\/wp-content\/uploads\/2025\/04\/bruser.png\" alt=\"\" class=\"wp-image-20568\" style=\"width:840px;height:auto\" srcset=\"https:\/\/worldpressfreedomcanada.ca\/wp-content\/uploads\/2025\/04\/bruser.png 751w, https:\/\/worldpressfreedomcanada.ca\/wp-content\/uploads\/2025\/04\/bruser-300x216.png 300w\" sizes=\"auto, (max-width: 751px) 100vw, 751px\" \/><\/figure>\n\n\n\n<p>Jadis, au Canada, il n\u2019y avait pas d\u2019avocat qui exer\u00e7ait sa profession dans les salles de nouvelles. Puis, Bert Bruser, qui a entrepris sa carri\u00e8re comme jeune reporter aux sports au Winnipeg Tribune, a quitt\u00e9 le journalisme pour faire son droit. Au cours d\u2019une carri\u00e8re de 50 ans, M.Bruser a d\u00e9fini ce qu\u2019est un avocat en information dans ce pays, \u00e9tablissant le contexte l\u00e9gal qui appuie les m\u00e9dias dans la recherche, la publication et la protection du journalisme d\u2019int\u00e9r\u00eat public.<\/p>\n\n\n\n<p>Au Toronto Star, il a accompagn\u00e9 des reporters, les aidant non seulement dans la poursuite de leurs recherches, mais \u00e9galement \u00e0 faire publier leurs reportages. Ses strat\u00e9gies juridiques ont contribu\u00e9 \u00e0 la publication d\u2019articles qui ont eu un impact majeur, du racisme syst\u00e9mique contre les Noirs dans le service de police, au d\u00e9voilement que le maire fumait du crack.<\/p>\n\n\n\n<p>Au d\u00e9but des ann\u00e9es \u201980, sous sa gouverne, la loi des m\u00e9dias est devenue une sp\u00e9cialit\u00e9 du droit, int\u00e9grant les droits criminels, constitutionnels et de responsabilit\u00e9 civile. Il a particip\u00e9 \u00e0 la cr\u00e9ation de l\u2019Association canadienne des avocats des m\u00e9dias et il a mis sur pied les premiers cours de droit des m\u00e9dias \u00e0 l\u2019Universit\u00e9 du Toronto m\u00e9tropolitain et \u00e0 l\u2019Universit\u00e9 de Toronto.<\/p>\n\n\n\n<p>M. Bruser a assum\u00e9 la d\u00e9fense contre des poursuites visant \u00e0 intimider ou \u00e0<\/p>\n\n\n\n<p>Bert Bruserfaire taire des journalistes travaillant sur des dossiers controvers\u00e9s. Quand le Star a d\u00fb se d\u00e9fendre contre une poursuite de 2 milliards 700 millions de dollars, intent\u00e9e par le syndicat des policiers de Toronto, au sujet d\u2019une enqu\u00eate majeure, M. Bruser a conseill\u00e9 la salle des nouvelles, faisant en sorte que le dossier puisse continuer.<\/p>\n\n\n\n<p>Son esprit strat\u00e9gique a aid\u00e9 \u00e0 \u00e9tablir ce qu\u2019est la libert\u00e9 de la presse, notamment dans la cause Grant v Torstar Corp, un arr\u00eat majeur de la Cour Supr\u00eame en 2009, qui \u00e9tablissait ce qu\u2019est la d\u00e9fense de \u00a8journalisme responsable\u00a8 et qui mettait en place une protection plus forte pour le journalisme d\u2019enqu\u00eate. Le juge Paul Schabas, qui \u00e9tait avocat dans cette cause et qui si\u00e8ge maintenant \u00e0 la Cour Sup\u00e9rieure de l\u2019Ontario estime que Bert Bruser \u00e9tait l\u2019homme des coulisses dans ces grandes poursuites. \u201cIl a donn\u00e9 au Star la confiance n\u00e9cessaire pour aller de l\u2019avant dans cette poursuite qui aurait pu lui co\u00fbter tr\u00e8s cher mais qui a finalement men\u00e9 \u00e0 un changement de la loi.\u201d<\/p>\n\n\n\n<p>Il \u00e9tait \u00e9galement une force tranquille dans la salle des nouvelles. Il savait comment r\u00e9\u00e9crire les articles pour qu\u2019ils soient publiables sans les diluer. Les reporters se souviennent de sa foi in\u00e9branlable en leur travail, m\u00eame sous attaques.<\/p>\n\n\n\n<p>M. Bruser a pris sa retraite en 2020. Ce qu\u2019il laisse au Star et au journalisme canadien restera. Dans la lettre de recommandation, la r\u00e9dactrice en chef du Star, Nicole MacIntyre, dit que \u00a8son travail a red\u00e9fini le droit des m\u00e9dias, fortifi\u00e9 la libert\u00e9 de la presse et a donn\u00e9 aux journalistes les outils l\u00e9gaux pour trouver la v\u00e9rit\u00e9, sans crainte et sans compromis. Ses empreintes digitales se retrouvent non pas seulement sur ses victoires pass\u00e9es mais \u00e9galement sur toutes ces histoires \u00e0 hauts risques qui sont publi\u00e9es aujourd\u2019hui.<\/p>\n\n\n\n<hr class=\"wp-block-separator has-alpha-channel-opacity\"\/>\n\n\n\n<h3 class=\"wp-block-heading\" id=\"etudiants\"><strong>Laur\u00e9ats du Prix de la r\u00e9ussite scolaire Marieke Glorieux-Stryckman et Aidan Raynor<\/strong><\/h3>\n\n\n<div class=\"wp-block-image\">\n<figure class=\"alignleft size-full is-resized\"><img loading=\"lazy\" decoding=\"async\" width=\"745\" height=\"533\" src=\"https:\/\/worldpressfreedomcanada.ca\/wp-content\/uploads\/2025\/04\/concordian.png\" alt=\"\" class=\"wp-image-20570\" style=\"width:342px;height:auto\" srcset=\"https:\/\/worldpressfreedomcanada.ca\/wp-content\/uploads\/2025\/04\/concordian.png 745w, https:\/\/worldpressfreedomcanada.ca\/wp-content\/uploads\/2025\/04\/concordian-300x215.png 300w\" sizes=\"auto, (max-width: 745px) 100vw, 745px\" \/><\/figure>\n<\/div>\n\n\n<p>Marieke Glorieux-Stryckman, r\u00e9dactrice en chef du journal \u00e9tudiant The Concordian, a \u00e9t\u00e9 surprise de recevoir une lettre de cessation et de d\u00e9sistement de la part d\u2019un avocat repr\u00e9sentant l\u2019Universit\u00e9 Concordia.<\/p>\n\n\n\n<p>Les actes r\u00e9pr\u00e9hensibles dont elle et un autre \u00e9tudiant en deuxi\u00e8me ann\u00e9e de journalisme se seraient rendus coupables? D\u00e9poser des demandes d\u2019acc\u00e8s \u00e0 l\u2019information.<\/p>\n\n\n\n<p>La lettre, envoy\u00e9e par un cabinet d\u2019avocats externe engag\u00e9 par l\u2019universit\u00e9, pr\u00e9tend que les demandes de documents des \u00e9tudiants concernant les plaintes relatives \u00e0 la navette inter-campus, \u00e0 la hausse des frais de scolarit\u00e9 et \u00e0 d\u2019autres sujets d\u2019enqu\u00eate habituels pour les m\u00e9dias \u00e9tudiants \u00e9taient \u00ab abusives et de mauvaise foi \u00bb.<\/p>\n\n\n\n<p>La tentative de l\u2019universit\u00e9 de r\u00e9duire au silence ses propres \u00e9tudiants en journalisme a cr\u00e9\u00e9 un pr\u00e9c\u00e9dent troublant. Au lieu de reculer, Mme Glorieux-Stryckman, qui est aujourd\u2019hui r\u00e9dactrice en chef du journal The Concordian, a port\u00e9 l\u2019affaire jusqu\u2019\u00e0 sa r\u00e9solution par le biais d\u2019une m\u00e9diation aupr\u00e8s de la Commission de la libert\u00e9 de l\u2019information du Qu\u00e9bec.<\/p>\n\n\n\n<p>Avec son camarade Aidan Raynor, \u00e9tudiant en journalisme, elle a ensuite transform\u00e9 ce moment en un acte plus important de journalisme de surveillance qui a mis en lumi\u00e8re la mani\u00e8re dont les universit\u00e9s du Canada traitent les demandes d\u2019acc\u00e8s \u00e0 l\u2019information.<\/p>\n\n\n\n<p>Ils ont pass\u00e9 six mois \u00e0 \u00e9tudier les pratiques de transparence de 29 universit\u00e9s. Ils ont d\u00e9pos\u00e9 des demandes d\u2019acc\u00e8s \u00e0 l\u2019information identiques aupr\u00e8s de chaque \u00e9tablissement, en demandant les registres de toutes les demandes d\u2019acc\u00e8s \u00e0 l\u2019information d\u00e9pos\u00e9es entre janvier 2021 et mai 2023.<\/p>\n\n\n\n<p>Leur objectif: comparer les temps de r\u00e9ponse, les retards et les taux de refus \u00e0 travers le pays. Ils ont constat\u00e9 que Concordia avait le d\u00e9lai de r\u00e9ponse moyen le plus long \u00e0 Montr\u00e9al. Les autres \u00e9coles de journalisme n\u2019\u00e9taient gu\u00e8re mieux. Ils ont \u00e9galement interrog\u00e9 des \u00e9tudiants journalistes et des d\u00e9fenseurs des droits de l\u2019homme \u00e0 travers le Canada sur leur exp\u00e9rience des demandes d\u2019acc\u00e8s \u00e0 l\u2019information.<\/p>\n\n\n\n<p>Ils ont plac\u00e9 la transparence au coeur de leur enqu\u00eate, rendant leurs conclusions publiques au moyen d\u2019une carte interactive et d\u2019une base de donn\u00e9es en ligne.<\/p>\n\n\n\n<p>Ils ont lanc\u00e9 le \u00ab Projet d\u2019universit\u00e9 transparente \u00bb. La plateforme open-source aide les \u00e9tudiants et d\u2019autres personnes \u00e0 d\u00e9poser et \u00e0 suivre les demandes d\u2019acc\u00e8s \u00e0 l\u2019information, y compris un outil qui sugg\u00e8re comment formuler une demande pour augmenter les chances de succ\u00e8s.<\/p>\n","protected":false},"excerpt":{"rendered":"<p>F\u00e9licitations aux laur\u00e9ats des Prix de la libert\u00e9 de la presse 2025 ! Laur\u00e9at du prix de la libert\u00e9 de la presse, Daniel Renaud Pour ses coll\u00e8gues \u00e0 la salle de r\u00e9daction de La Presse, Daniel Renaud est professionnel et discret, mais ses reportages audacieux t\u00e9moignent de l\u2019importance d\u2019un journalisme rigoureux, ind\u00e9pendant et profond\u00e9ment courageux [&hellip;]<\/p>\n","protected":false},"featured_media":0,"template":"","meta":{"_acf_changed":false,"_price":"","_stock":"","_tribe_ticket_header":"","_tribe_default_ticket_provider":"","_tribe_ticket_capacity":"0","_ticket_start_date":"","_ticket_end_date":"","_tribe_ticket_show_description":"","_tribe_ticket_show_not_going":false,"_tribe_ticket_use_global_stock":"","_tribe_ticket_global_stock_level":"","_global_stock_mode":"","_global_stock_cap":"","_tribe_rsvp_for_event":"","_tribe_ticket_going_count":"","_tribe_ticket_not_going_count":"","_tribe_tickets_list":"[]","_tribe_ticket_has_attendee_info_fields":false,"footnotes":""},"class_list":["post-20580","award","type-award","status-publish","hentry"],"acf":[],"yoast_head":"<!-- This site is optimized with the Yoast SEO plugin v27.4 - https:\/\/yoast.com\/product\/yoast-seo-wordpress\/ -->\n<title>2025 - World Press Freedom Canada<\/title>\n<meta name=\"robots\" content=\"index, follow, max-snippet:-1, max-image-preview:large, max-video-preview:-1\" \/>\n<link rel=\"canonical\" href=\"https:\/\/worldpressfreedomcanada.ca\/fr\/prix-liberte-presse\/2025\/\" \/>\n<meta property=\"og:locale\" content=\"fr_FR\" \/>\n<meta property=\"og:type\" content=\"article\" \/>\n<meta property=\"og:title\" content=\"2025 - World Press Freedom Canada\" \/>\n<meta property=\"og:description\" content=\"F\u00e9licitations aux laur\u00e9ats des Prix de la libert\u00e9 de la presse 2025 ! Laur\u00e9at du prix de la libert\u00e9 de la presse, Daniel Renaud Pour ses coll\u00e8gues \u00e0 la salle de r\u00e9daction de La Presse, Daniel Renaud est professionnel et discret, mais ses reportages audacieux t\u00e9moignent de l\u2019importance d\u2019un journalisme rigoureux, ind\u00e9pendant et profond\u00e9ment courageux [&hellip;]\" \/>\n<meta property=\"og:url\" content=\"https:\/\/worldpressfreedomcanada.ca\/fr\/prix-liberte-presse\/2025\/\" \/>\n<meta property=\"og:site_name\" content=\"World Press Freedom Canada\" \/>\n<meta property=\"og:image\" content=\"https:\/\/worldpressfreedomcanada.ca\/wp-content\/uploads\/2025\/04\/daniel-renaud.png\" \/>\n\t<meta property=\"og:image:width\" content=\"479\" \/>\n\t<meta property=\"og:image:height\" content=\"471\" \/>\n\t<meta property=\"og:image:type\" content=\"image\/png\" \/>\n<meta name=\"twitter:card\" content=\"summary_large_image\" \/>\n<meta name=\"twitter:label1\" content=\"Dur\u00e9e de lecture estim\u00e9e\" \/>\n\t<meta name=\"twitter:data1\" content=\"14 minutes\" \/>\n<script type=\"application\/ld+json\" class=\"yoast-schema-graph\">{\"@context\":\"https:\\\/\\\/schema.org\",\"@graph\":[{\"@type\":\"WebPage\",\"@id\":\"https:\\\/\\\/worldpressfreedomcanada.ca\\\/fr\\\/prix-liberte-presse\\\/2025\\\/\",\"url\":\"https:\\\/\\\/worldpressfreedomcanada.ca\\\/fr\\\/prix-liberte-presse\\\/2025\\\/\",\"name\":\"2025 - World Press Freedom Canada\",\"isPartOf\":{\"@id\":\"https:\\\/\\\/worldpressfreedomcanada.ca\\\/fr\\\/#website\"},\"primaryImageOfPage\":{\"@id\":\"https:\\\/\\\/worldpressfreedomcanada.ca\\\/fr\\\/prix-liberte-presse\\\/2025\\\/#primaryimage\"},\"image\":{\"@id\":\"https:\\\/\\\/worldpressfreedomcanada.ca\\\/fr\\\/prix-liberte-presse\\\/2025\\\/#primaryimage\"},\"thumbnailUrl\":\"https:\\\/\\\/worldpressfreedomcanada.ca\\\/wp-content\\\/uploads\\\/2025\\\/04\\\/daniel-renaud.png\",\"datePublished\":\"2025-05-01T01:50:39+00:00\",\"breadcrumb\":{\"@id\":\"https:\\\/\\\/worldpressfreedomcanada.ca\\\/fr\\\/prix-liberte-presse\\\/2025\\\/#breadcrumb\"},\"inLanguage\":\"fr-FR\",\"potentialAction\":[{\"@type\":\"ReadAction\",\"target\":[\"https:\\\/\\\/worldpressfreedomcanada.ca\\\/fr\\\/prix-liberte-presse\\\/2025\\\/\"]}]},{\"@type\":\"ImageObject\",\"inLanguage\":\"fr-FR\",\"@id\":\"https:\\\/\\\/worldpressfreedomcanada.ca\\\/fr\\\/prix-liberte-presse\\\/2025\\\/#primaryimage\",\"url\":\"https:\\\/\\\/worldpressfreedomcanada.ca\\\/wp-content\\\/uploads\\\/2025\\\/04\\\/daniel-renaud.png\",\"contentUrl\":\"https:\\\/\\\/worldpressfreedomcanada.ca\\\/wp-content\\\/uploads\\\/2025\\\/04\\\/daniel-renaud.png\"},{\"@type\":\"BreadcrumbList\",\"@id\":\"https:\\\/\\\/worldpressfreedomcanada.ca\\\/fr\\\/prix-liberte-presse\\\/2025\\\/#breadcrumb\",\"itemListElement\":[{\"@type\":\"ListItem\",\"position\":1,\"name\":\"Home\",\"item\":\"https:\\\/\\\/worldpressfreedomcanada.ca\\\/fr\\\/\"},{\"@type\":\"ListItem\",\"position\":2,\"name\":\"Awards\",\"item\":\"https:\\\/\\\/worldpressfreedomcanada.ca\\\/fr\\\/prix-liberte-presse\\\/\"},{\"@type\":\"ListItem\",\"position\":3,\"name\":\"2025\"}]},{\"@type\":\"WebSite\",\"@id\":\"https:\\\/\\\/worldpressfreedomcanada.ca\\\/fr\\\/#website\",\"url\":\"https:\\\/\\\/worldpressfreedomcanada.ca\\\/fr\\\/\",\"name\":\"World Press Freedom Canada\",\"description\":\"Championing press freedom, defending democracy\",\"potentialAction\":[{\"@type\":\"SearchAction\",\"target\":{\"@type\":\"EntryPoint\",\"urlTemplate\":\"https:\\\/\\\/worldpressfreedomcanada.ca\\\/fr\\\/?s={search_term_string}\"},\"query-input\":{\"@type\":\"PropertyValueSpecification\",\"valueRequired\":true,\"valueName\":\"search_term_string\"}}],\"inLanguage\":\"fr-FR\"}]}<\/script>\n<!-- \/ Yoast SEO plugin. -->","yoast_head_json":{"title":"2025 - World Press Freedom Canada","robots":{"index":"index","follow":"follow","max-snippet":"max-snippet:-1","max-image-preview":"max-image-preview:large","max-video-preview":"max-video-preview:-1"},"canonical":"https:\/\/worldpressfreedomcanada.ca\/fr\/prix-liberte-presse\/2025\/","og_locale":"fr_FR","og_type":"article","og_title":"2025 - World Press Freedom Canada","og_description":"F\u00e9licitations aux laur\u00e9ats des Prix de la libert\u00e9 de la presse 2025 ! Laur\u00e9at du prix de la libert\u00e9 de la presse, Daniel Renaud Pour ses coll\u00e8gues \u00e0 la salle de r\u00e9daction de La Presse, Daniel Renaud est professionnel et discret, mais ses reportages audacieux t\u00e9moignent de l\u2019importance d\u2019un journalisme rigoureux, ind\u00e9pendant et profond\u00e9ment courageux [&hellip;]","og_url":"https:\/\/worldpressfreedomcanada.ca\/fr\/prix-liberte-presse\/2025\/","og_site_name":"World Press Freedom Canada","og_image":[{"width":479,"height":471,"url":"https:\/\/worldpressfreedomcanada.ca\/wp-content\/uploads\/2025\/04\/daniel-renaud.png","type":"image\/png"}],"twitter_card":"summary_large_image","twitter_misc":{"Dur\u00e9e de lecture estim\u00e9e":"14 minutes"},"schema":{"@context":"https:\/\/schema.org","@graph":[{"@type":"WebPage","@id":"https:\/\/worldpressfreedomcanada.ca\/fr\/prix-liberte-presse\/2025\/","url":"https:\/\/worldpressfreedomcanada.ca\/fr\/prix-liberte-presse\/2025\/","name":"2025 - World Press Freedom Canada","isPartOf":{"@id":"https:\/\/worldpressfreedomcanada.ca\/fr\/#website"},"primaryImageOfPage":{"@id":"https:\/\/worldpressfreedomcanada.ca\/fr\/prix-liberte-presse\/2025\/#primaryimage"},"image":{"@id":"https:\/\/worldpressfreedomcanada.ca\/fr\/prix-liberte-presse\/2025\/#primaryimage"},"thumbnailUrl":"https:\/\/worldpressfreedomcanada.ca\/wp-content\/uploads\/2025\/04\/daniel-renaud.png","datePublished":"2025-05-01T01:50:39+00:00","breadcrumb":{"@id":"https:\/\/worldpressfreedomcanada.ca\/fr\/prix-liberte-presse\/2025\/#breadcrumb"},"inLanguage":"fr-FR","potentialAction":[{"@type":"ReadAction","target":["https:\/\/worldpressfreedomcanada.ca\/fr\/prix-liberte-presse\/2025\/"]}]},{"@type":"ImageObject","inLanguage":"fr-FR","@id":"https:\/\/worldpressfreedomcanada.ca\/fr\/prix-liberte-presse\/2025\/#primaryimage","url":"https:\/\/worldpressfreedomcanada.ca\/wp-content\/uploads\/2025\/04\/daniel-renaud.png","contentUrl":"https:\/\/worldpressfreedomcanada.ca\/wp-content\/uploads\/2025\/04\/daniel-renaud.png"},{"@type":"BreadcrumbList","@id":"https:\/\/worldpressfreedomcanada.ca\/fr\/prix-liberte-presse\/2025\/#breadcrumb","itemListElement":[{"@type":"ListItem","position":1,"name":"Home","item":"https:\/\/worldpressfreedomcanada.ca\/fr\/"},{"@type":"ListItem","position":2,"name":"Awards","item":"https:\/\/worldpressfreedomcanada.ca\/fr\/prix-liberte-presse\/"},{"@type":"ListItem","position":3,"name":"2025"}]},{"@type":"WebSite","@id":"https:\/\/worldpressfreedomcanada.ca\/fr\/#website","url":"https:\/\/worldpressfreedomcanada.ca\/fr\/","name":"World Press Freedom Canada","description":"Championing press freedom, defending democracy","potentialAction":[{"@type":"SearchAction","target":{"@type":"EntryPoint","urlTemplate":"https:\/\/worldpressfreedomcanada.ca\/fr\/?s={search_term_string}"},"query-input":{"@type":"PropertyValueSpecification","valueRequired":true,"valueName":"search_term_string"}}],"inLanguage":"fr-FR"}]}},"_links":{"self":[{"href":"https:\/\/worldpressfreedomcanada.ca\/fr\/wp-json\/wp\/v2\/award\/20580","targetHints":{"allow":["GET"]}}],"collection":[{"href":"https:\/\/worldpressfreedomcanada.ca\/fr\/wp-json\/wp\/v2\/award"}],"about":[{"href":"https:\/\/worldpressfreedomcanada.ca\/fr\/wp-json\/wp\/v2\/types\/award"}],"version-history":[{"count":1,"href":"https:\/\/worldpressfreedomcanada.ca\/fr\/wp-json\/wp\/v2\/award\/20580\/revisions"}],"predecessor-version":[{"id":20581,"href":"https:\/\/worldpressfreedomcanada.ca\/fr\/wp-json\/wp\/v2\/award\/20580\/revisions\/20581"}],"wp:attachment":[{"href":"https:\/\/worldpressfreedomcanada.ca\/fr\/wp-json\/wp\/v2\/media?parent=20580"}],"curies":[{"name":"wp","href":"https:\/\/api.w.org\/{rel}","templated":true}]}}