{"id":21751,"date":"2026-04-29T12:30:00","date_gmt":"2026-04-29T12:30:00","guid":{"rendered":"https:\/\/worldpressfreedomcanada.ca\/?post_type=award&#038;p=21751"},"modified":"2026-04-28T03:09:31","modified_gmt":"2026-04-28T03:09:31","slug":"2026","status":"publish","type":"award","link":"https:\/\/worldpressfreedomcanada.ca\/fr\/prix-liberte-presse\/2026\/","title":{"rendered":"2026"},"content":{"rendered":"\n<h2 class=\"wp-block-heading\">F\u00e9licitations aux laur\u00e9ats des Prix de la libert\u00e9 de la presse 2026 !<\/h2>\n\n\n\n<h3 class=\"wp-block-heading\"><strong>Laur\u00e9at du prix de la libert\u00e9 de la presse,<\/strong> <strong>Fr\u00e9d\u00e9rik Plante<\/strong><\/h3>\n\n\n<div class=\"wp-block-image\">\n<figure class=\"alignleft size-full\"><img loading=\"lazy\" decoding=\"async\" width=\"400\" height=\"400\" src=\"https:\/\/worldpressfreedomcanada.ca\/wp-content\/uploads\/2026\/04\/plante.jpg\" alt=\"\" class=\"wp-image-21734\" srcset=\"https:\/\/worldpressfreedomcanada.ca\/wp-content\/uploads\/2026\/04\/plante.jpg 400w, https:\/\/worldpressfreedomcanada.ca\/wp-content\/uploads\/2026\/04\/plante-300x300.jpg 300w, https:\/\/worldpressfreedomcanada.ca\/wp-content\/uploads\/2026\/04\/plante-150x150.jpg 150w\" sizes=\"auto, (max-width: 400px) 100vw, 400px\" \/><\/figure>\n<\/div>\n\n\n<p>Fr\u00e9d\u00e9rik Plante a livr\u00e9 un combat de tous les instants contre le gouvernement du Qu\u00e9bec et les tentatives de ce dernier de bloquer les demandes d\u2019acc\u00e8s \u00e0 l\u2019information et de cacher des preuves relatives au profilage racial pratiqu\u00e9 par les forces polici\u00e8res.<\/p>\n\n\n\n<p>Il y a trois ans, reporter \u00e0 Montr\u00e9al pour le Globe and Mail, Fr\u00e9d\u00e9rik Plante a envoy\u00e9 des requ\u00eates d\u2019acc\u00e8s \u00e0 l\u2019information, demandant les donn\u00e9es \u00e0 caract\u00e8re racial sur les interceptions effectu\u00e9es par les policiers. Presque tous les services de police ont refus\u00e9 les requ\u00eates, certains disant que de telles donn\u00e9es n\u2019existaient pas.<\/p>\n\n\n\n<p>Fr\u00e9d\u00e9rik Plante a interjet\u00e9 appel de ces d\u00e9cisions, et au cours des trois derni\u00e8res ann\u00e9es il s\u2019est consacr\u00e9 \u00e0 trouver de telles donn\u00e9es dans certaines des plus grosses villes du Qu\u00e9bec. Cette lutte pour la transparence a r\u00e9v\u00e9l\u00e9 que dans les villes de Longueuil, Qu\u00e9bec et Laval, les forces polici\u00e8res faisaient preuve d\u2019un z\u00e8le particulier dans les communaut\u00e9s noires et arabes, laissant penser qu\u2019il y a effectivement un syst\u00e8me de profilage racial dans ces endroits.<\/p>\n\n\n\n<p>M. Plante a \u00e9galement tent\u00e9 de mettre la main sur les donn\u00e9es touchant les interceptions arbitraires d\u00e9tenues par le minist\u00e8re de la s\u00e9curit\u00e9 publique, auquel les forces polici\u00e8res doivent, en vertue de la loi, soumettre ces donn\u00e9es. Devant le refus du minist\u00e8re de fournir ces informations, il s\u2019est encore une fois tourn\u00e9 vers la Commission d\u2019acc\u00e8s \u00e0 l\u2019information.<\/p>\n\n\n\n<p>Plut\u00f4t que de contester l\u2019existence de ces donn\u00e9es et le droit ou non de les rendre publiques, les avocats du minist\u00e8re ont demand\u00e9 d\u2019invalider la requ\u00eate. Ils ont fait valoir que M. Plante repr\u00e9sentait en fait son employeur de l\u2019\u00e9poque, le Globe. Puisque seuls des avocats peuvent repr\u00e9senter des soci\u00e9t\u00e9s, la requ\u00eate, selon eux, est invalide.<\/p>\n\n\n\n<p>M. Plante a fait valoir qu\u2019il agissait \u00e0 titre personnel et que la publication des donn\u00e9es, dans le Globe ou ailleurs, n\u2019avait rien \u00e0 voir avec la cause. Dans la lign\u00e9e de ses d\u00e9cisions ant\u00e9rieures, la Commission lui a donn\u00e9 raison en 2025.<\/p>\n\n\n\n<p>En avril dernier, la Cour Provinciale a rejet\u00e9 la requ\u00eate en appel du gouvernement.<\/p>\n\n\n\n<p>Qu\u00e9bec demande une r\u00e9vision judiciaire \u00e0 la Cour Sup\u00e9rieure de la province, ce qui pourrait \u00e9ventuellement annuler les d\u00e9cisions pr\u00e9c\u00e9dentes.<\/p>\n\n\n\n<p>C\u2019est un geste sans pr\u00e9c\u00e9dent et c\u2019est la menace la plus s\u00e9rieuse contre la libert\u00e9 de presse de la part du gouvernement du Qu\u00e9bec en deux d\u00e9cennies. Si le gouvernement gagne sa cause, cela pourrait signifier que dor\u00e9navant les journalistes qui font appel de refus dans des causes d\u2019acc\u00e8s \u00e0 l\u2019information, devraient avoir recours \u00e0 des avocats pour faire respecter les obligations des institutions publiques.<\/p>\n\n\n\n<p>Fr\u00e9d\u00e9rik Plante est maintenant \u00e0 Toronto o\u00f9 il travaille pour le Star. Il continue \u00e0 \u00eatre impliqu\u00e9 dans cette lutte juridique, \u00e0 titre personnel, avec le soutien de la F\u00e9d\u00e9ration professionnelle des journalistes du Qu\u00e9bec et d\u2019une coalition de m\u00e9dias qu\u00e9b\u00e9cois. Du fait qu\u2019il ne couvre plus le Qu\u00e9bec, il est possible qu\u2019il n\u2019\u00e9crive jamais d\u2019articles bas\u00e9s sur les donn\u00e9es en question.<\/p>\n\n\n\n<p>\u201c\u00c0 ce point-ci je ne me bats pas pour un reportage, je lutte pour mes coll\u00e8gues qu\u00e9b\u00e9cois et le droit du public \u00e0 l\u2019information.\u201d a-t-il dit.<\/p>\n\n\n\n<hr class=\"wp-block-separator has-alpha-channel-opacity\"\/>\n\n\n\n<h3 class=\"wp-block-heading\"><strong>Prix de la libert\u00e9 de la presse certificat de m\u00e9rite<\/strong>: <strong>Carrie Tait, Tom Cardoso, Mark MacKinnon, Stephanie Chambers, Tu Thanh Ha, Greg Mercer, Alanna Smith<\/strong><\/h3>\n\n\n\n<figure class=\"wp-block-image size-full\"><img loading=\"lazy\" decoding=\"async\" width=\"713\" height=\"366\" src=\"https:\/\/worldpressfreedomcanada.ca\/wp-content\/uploads\/2026\/04\/globe-merit.jpg\" alt=\"\" class=\"wp-image-21736\" srcset=\"https:\/\/worldpressfreedomcanada.ca\/wp-content\/uploads\/2026\/04\/globe-merit.jpg 713w, https:\/\/worldpressfreedomcanada.ca\/wp-content\/uploads\/2026\/04\/globe-merit-300x154.jpg 300w\" sizes=\"auto, (max-width: 713px) 100vw, 713px\" \/><\/figure>\n\n\n\n<p>Lorsque la correspondante du Globe and Mail \u00e0 Calgary, Carrie Tait, a commenc\u00e9 \u00e0 publier des articles sur des conflits d\u2019int\u00e9r\u00eats dans les services de sant\u00e9 en Alberta, elle est devenue la cible d\u2019une campagne d\u2019intimidation men\u00e9e par des personnes anonymes.<\/p>\n\n\n\n<p>Tout a commenc\u00e9 peu de temps apr\u00e8s le cong\u00e9diement d\u2019Athana Mentzelopoulos, la PDG des services de sant\u00e9 de l\u2019Alberta. Cette derni\u00e8re a dit alors que son cong\u00e9diement \u00e9tait d\u00fb au fait qu\u2019elle avait men\u00e9 une enqu\u00eate sur les liens entre les acheteurs de services, le gouvernement et les soci\u00e9t\u00e9s avec lesquelles des contrats avaient \u00e9t\u00e9 sign\u00e9s.<\/p>\n\n\n\n<p>Mme. Mentzelopoulos avait souvent fait allusion \u00e0 Sam Mraiche, le propri\u00e9taire d\u2019une compagnie de produits m\u00e9dicaux \u00e0 laquelle le gouvernement de l\u2019Alberta avait octroy\u00e9 plus de 600 millions de dollars.<br>Carrie Tait et ses coll\u00e8gues du Globe ont d\u00e9terr\u00e9 des histoires sur M. Mraiche, ses contacts au gouvernement et les activit\u00e9s de sa compagnie. Le groupe de journalistes \u00e9tait compos\u00e9 entre autres du journaliste d\u2019enqu\u00eate. <\/p>\n\n\n\n<p>Tom Cardoso, du correspondant international Mark MacKinnon, de la recherchiste Stephanie Chambers et de la journaliste Alanna Smith de Calgary. Pendant que cette \u00e9quipe d\u00e9terrait et rendait publique la controverse, elle a d\u00fb faire face \u00e0 des attaques constantes des m\u00e9dias sociaux et de podcasts qui remettaient en cause son int\u00e9grit\u00e9. Il \u00e9tait m\u00eame clair selon ces podcasts, que Carrie Tait \u00e9tait suivie. Plus tard, il a \u00e9t\u00e9 r\u00e9v\u00e9l\u00e9 que les auteurs des podcasts avaient \u00e9t\u00e9 recrut\u00e9s par l\u2019avocat de M. Mraiche.<br>Deux autres reporters du Globe, Tu Thanh Ha et Greg Mercer, se sont joins \u00e0 l\u2019\u00e9quipe pour voir qui \u00e9tait derri\u00e8re la campagne d\u2019intimidation.<\/p>\n\n\n\n<p>Alors que l\u2019enqu\u00eate sur M. Mraiche, ses liens avec le gouvernement albertain, et les achats de produits m\u00e9dicaux se poursuit, l\u2019impact de cette enqu\u00eate est d\u00e9j\u00e0 consid\u00e9rable. Un ministre du cabinet albertain a d\u00e9missionn\u00e9, et des enqu\u00eates par un juge \u00e0 la retraite, le v\u00e9rificateur g\u00e9n\u00e9ral et la Gendarmerie Royale ont \u00e9t\u00e9 institu\u00e9es . Les deux derni\u00e8res sont toujours en cours.<\/p>\n\n\n\n<hr class=\"wp-block-separator has-alpha-channel-opacity\"\/>\n\n\n\n<h3 class=\"wp-block-heading\"><strong>Laur\u00e9ats du Prix de la libert\u00e9 de la presse, journalisme local: <strong>Yara El Murr, Mary Newman, James Westman, Aia Jaber<\/strong><\/strong> &#8211; <strong>The Green Line<\/strong><\/h3>\n\n\n\n<figure class=\"wp-block-image size-full\"><img loading=\"lazy\" decoding=\"async\" width=\"915\" height=\"220\" src=\"https:\/\/worldpressfreedomcanada.ca\/wp-content\/uploads\/2026\/04\/the-green-line.png\" alt=\"\" class=\"wp-image-21739\" srcset=\"https:\/\/worldpressfreedomcanada.ca\/wp-content\/uploads\/2026\/04\/the-green-line.png 915w, https:\/\/worldpressfreedomcanada.ca\/wp-content\/uploads\/2026\/04\/the-green-line-300x72.png 300w, https:\/\/worldpressfreedomcanada.ca\/wp-content\/uploads\/2026\/04\/the-green-line-768x185.png 768w\" sizes=\"auto, (max-width: 915px) 100vw, 915px\" \/><\/figure>\n\n\n\n<p>En 2022, The Green Line s\u2019est donn\u00e9 comme mission de rendre \u201c moins ennuyants, et plus accessibles les grands dossiers de l\u2019information.\u201d<\/p>\n\n\n\n<p>D\u00e8s le d\u00e9part, ce journal hyper local s\u2019est consacr\u00e9 \u00e0 un journalisme qui favorise les solutions communautaires \u00e0 des probl\u00e8mes locaux. Le travail consiste \u00e0 \u201c collaborer avec les communaut\u00e9s locales que nous desservons, pour rapporter sur des solutions locales qui visent non pas les sympt\u00f4mes, mais les sources des plus importants probl\u00e8mes de la ville.\u201d<\/p>\n\n\n\n<p>\u00c0 travers un m\u00e9lange de journalisme d\u2019enqu\u00eate, d\u2019\u00e9tudes de donn\u00e9es et de vid\u00e9os, James Westman, Mary Newman et Yara El Murr ont d\u00e9couvert comment un important projet de transport urbain a caus\u00e9 dans les communaut\u00e9s voisines, des hausses de loyer, des \u00e9victions et des d\u00e9placements.<\/p>\n\n\n\n<p>The Green Line s\u2019est m\u00eame impliqu\u00e9 dans une rencontre communautaire qui r\u00e9unissait des activistes, des locataires, des syndicats, des cliniques juridiques et quiconque voulait collaborer \u00e0 trouver des solutions.<br>Non seulement la s\u00e9rie d\u2019articles a-t-elle fait la lumi\u00e8re sur ce probl\u00e8me critique pour les populations locales, elle aura permis de trouver des solutions, utiliser des outils \u00e0 la port\u00e9e des gens, et faire largement comprendre qui b\u00e9n\u00e9ficie du d\u00e9veloppement urbain et qui en est victime.<\/p>\n\n\n\n<p>L\u2019\u00e9ditrice du Green Line, Anita Li, est d\u2019avis que \u00ab ce travail montre comment le journalisme peut responsabiliser les communaut\u00e9s locales, aider \u00e0 envisager des solutions, et promouvoir l\u2019action locale.\u00bb<\/p>\n\n\n\n<hr class=\"wp-block-separator has-alpha-channel-opacity\"\/>\n\n\n\n<h3 class=\"wp-block-heading\"><strong>Prix pour l\u2019ensemble de la carri\u00e8re en l\u2019honneur de Spencer Moore: Mark MacKinnon<\/strong><\/h3>\n\n\n<div class=\"wp-block-image\">\n<figure class=\"alignleft size-full\"><img loading=\"lazy\" decoding=\"async\" width=\"448\" height=\"438\" src=\"https:\/\/worldpressfreedomcanada.ca\/wp-content\/uploads\/2026\/04\/mark-mackinnon.jpg\" alt=\"\" class=\"wp-image-21741\" srcset=\"https:\/\/worldpressfreedomcanada.ca\/wp-content\/uploads\/2026\/04\/mark-mackinnon.jpg 448w, https:\/\/worldpressfreedomcanada.ca\/wp-content\/uploads\/2026\/04\/mark-mackinnon-300x293.jpg 300w\" sizes=\"auto, (max-width: 448px) 100vw, 448px\" \/><\/figure>\n<\/div>\n\n\n<p>Couvrir une guerre est difficile. Couvrir une guerre qui en est \u00e0 sa quatri\u00e8me ann\u00e9e \u2013 tout en veillant \u00e0 ce que les Canadiens continuent de s\u2019informer et de s\u2019int\u00e9resser \u00e0 ce qui s\u2019y passe \u2013 est un tout autre d\u00e9fi.<\/p>\n\n\n\n<p>Mark MacKinnon, correspondant du Globe and Mail, a continu\u00e9 \u00e0 livrer des reportages de premier plan depuis les lignes de front du conflit, malgr\u00e9 les menaces pesant sur sa s\u00e9curit\u00e9 personnelle et les difficult\u00e9s logistiques li\u00e9es \u00e0 un r\u00e9seau \u00e9lectrique souvent mis \u00e0 mal.<\/p>\n\n\n\n<p>En 2025, il a emmen\u00e9 ses lecteurs dans le village isol\u00e9 de Velyka Pysarivka \u2013 \u00e0 quelques kilom\u00e8tres seulement des positions d\u2019artillerie russes \u2013 pour raconter l\u2019histoire r\u00e9confortante d\u2019un journal local qui servait de bou\u00e9e de sauvetage informationnelle aux derniers habitants de ce village ravag\u00e9. MacKinnon a suivi le parcours de distribution du journal avec le couple \u00e0 la t\u00eate de Vorskla, partageant les risques qu\u2019ils prenaient pour livrer la derni\u00e8re \u00e9dition du journal alors m\u00eame que le village \u00e9tait sous le feu des tirs ce matin-l\u00e0.<\/p>\n\n\n\n<p>L&rsquo;article de MacKinnon a incit\u00e9 les lecteurs du Globe \u00e0 collecter des fonds qui ont servi \u00e0 acheter de nouveaux pneus d&rsquo;hiver pour la voiture de livraison de Vorskla.<\/p>\n\n\n\n<p>MacKinnon a \u00e9galement risqu\u00e9 sa vie pour couvrir les violences sectaires en Syrie en 2025.<\/p>\n\n\n\n<p>Il y a dix-sept ans, il a \u00e9t\u00e9 banni de Syrie en raison de ses reportages intr\u00e9pides sur la mani\u00e8re dont le r\u00e9gime de Bachar al-Assad traitait les dissidents. Alors que MacKinnon a continu\u00e9 \u00e0 couvrir la Syrie tout au long de la longue guerre civile qui a ravag\u00e9 le pays, l\u2019effondrement de la dynastie al-Assad a finalement permis \u00e0 MacKinnon de retourner \u00e0 Damas et de retrouver certains de ses anciens amis et sources.<\/p>\n\n\n\n<p>La nouvelle tension \u2013 entre un pays qui s\u2019est soulev\u00e9 dans l\u2019espoir d\u2019une d\u00e9mocratie et les dirigeants islamistes qui ont pris la place d\u2019al-Assad \u2013 est mise en lumi\u00e8re dans l\u2019article principal que MacKinnon a r\u00e9dig\u00e9 \u00e0 l\u2019issue d\u2019un reportage de deux semaines men\u00e9 en f\u00e9vrier et mars 2025. Dans son article, \u00ab Inside the New Syria \u00bb, MacKinnon alterne entre des sc\u00e8nes d\u2019optimisme, comme une manifestation de rue \u00e0 Damas qui n\u2019aurait pas \u00e9t\u00e9 tol\u00e9r\u00e9e par l\u2019ancien r\u00e9gime, et d\u2019autres, telles qu\u2019une flamb\u00e9e de violence visant la minorit\u00e9 alaouite du pays, qui refl\u00e8tent l\u2019ampleur des d\u00e9fis \u00e0 venir.<\/p>\n\n\n\n<hr class=\"wp-block-separator has-alpha-channel-opacity\"\/>\n\n\n\n<h3 class=\"wp-block-heading\"><strong>Laur\u00e9ats du Prix de la r\u00e9ussite scolaire<\/strong><\/h3>\n\n\n<div class=\"wp-block-image\">\n<figure class=\"alignleft size-large is-resized\"><img loading=\"lazy\" decoding=\"async\" width=\"819\" height=\"1024\" src=\"https:\/\/worldpressfreedomcanada.ca\/wp-content\/uploads\/2026\/04\/Jenna-Olsen-Headshot-copy-819x1024.jpg\" alt=\"\" class=\"wp-image-21744\" style=\"width:321px;height:auto\" srcset=\"https:\/\/worldpressfreedomcanada.ca\/wp-content\/uploads\/2026\/04\/Jenna-Olsen-Headshot-copy-819x1024.jpg 819w, https:\/\/worldpressfreedomcanada.ca\/wp-content\/uploads\/2026\/04\/Jenna-Olsen-Headshot-copy-240x300.jpg 240w, https:\/\/worldpressfreedomcanada.ca\/wp-content\/uploads\/2026\/04\/Jenna-Olsen-Headshot-copy-768x960.jpg 768w, https:\/\/worldpressfreedomcanada.ca\/wp-content\/uploads\/2026\/04\/Jenna-Olsen-Headshot-copy.jpg 1200w\" sizes=\"auto, (max-width: 819px) 100vw, 819px\" \/><\/figure>\n<\/div>\n\n\n<p>Jenna Olsen accomplit d\u00e9j\u00e0 le type de journalisme dont la plupart des reporters r\u00eavent depuis des ann\u00e9es.<\/p>\n\n\n\n<p>Avant d\u2019entreprendre sa derni\u00e8re ann\u00e9e d\u2019\u00e9tudes en journalisme \u00e0 l\u2019Universit\u00e9 du King\u2019s College \u00e0 Halifax, Olsen a \u00e9t\u00e9, l\u2019\u00e9t\u00e9 dernier, stagiaire au Bureau de journalisme d\u2019enqu\u00eate de l\u2019\u00c9cole de sant\u00e9 publique Dalla Lana de l\u2019Universit\u00e9 de Toronto.<\/p>\n\n\n\n<p>On l\u2019avait pr\u00e9venue de s\u2019attendre \u00e0 quelques mois tranquilles. Mais elle a plut\u00f4t \u00e9t\u00e9 appel\u00e9e \u00e0 jouer un r\u00f4le central dans le cadre d\u2019une enqu\u00eate qui faisait \u00e9tat d\u2019essais m\u00e9dicaux clandestins \u2014 bien que financ\u00e9s et approuv\u00e9s publiquement \u2014 sur des chiens \u00e0 l\u2019h\u00f4pital St. Joseph \u00e0 London (Ontario). Les d\u00e9tails \u00e9taient gla\u00e7ants : \u00ab Sous des consignes de stricte confidentialit\u00e9, le personnel am\u00e8ne les chiots \u2014 \u00e2g\u00e9s d\u2019\u00e0 peine 10 mois \u00e0 deux ans lorsqu\u2019ils arrivent d\u2019\u00e9leveurs am\u00e9ricains \u2014 \u00e0 l\u2019h\u00f4pital \u00bb, indiquait le premier article. \u00ab Selon un lanceur d\u2019alerte, ils font jouer de la musique tonitruante pour couvrir les aboiements. \u00bb<\/p>\n\n\n\n<p>\u00c0 partir de documents internes, de s\u00e9quences vid\u00e9o et de donn\u00e9es, Olsen a investi des mois \u00e0 v\u00e9rifier le mat\u00e9riel, \u00e0 consulter des experts et \u00e0 interpeller l\u2019h\u00f4pital pour obtenir des r\u00e9ponses \u2014 tout en s\u2019effor\u00e7ant de prot\u00e9ger des sources confidentielles dont l\u2019emploi \u00e9tait menac\u00e9.<\/p>\n\n\n\n<p>Jenna a \u00e9t\u00e9 profond\u00e9ment impliqu\u00e9e dans l\u2019\u00e9laboration de strat\u00e9gies visant \u00e0 assurer la protection des lanceurs d\u2019alerte, notamment en retirant leurs noms des notes et des \u00e9bauches, en \u00e9vitant d\u2019utiliser des pronoms pouvant r\u00e9v\u00e9ler leur genre dans toute communication, et en s\u2019engageant \u00e0 pr\u00e9server leur anonymat m\u00eame en cas d\u2019audience devant les tribunaux, a \u00e9crit Robert Cribb, fondateur du Bureau de journalisme d\u2019enqu\u00eate, qui a supervis\u00e9 son travail sur cette s\u00e9rie.<\/p>\n\n\n\n<p>Le travail d\u2019enqu\u00eate a \u00e9t\u00e9 minutieux et parfois irritant, particuli\u00e8rement dans les cas o\u00f9 l\u2019institution refusait constamment de r\u00e9pondre.<\/p>\n\n\n\n<p>\u00ab Quand vous \u00eates confront\u00e9 \u00e0 des piles de documents et de transcriptions, il peut \u00eatre tr\u00e8s difficile de faire avancer les choses\u2026 \u00bb, a confi\u00e9 Olsen \u00e0 Libert\u00e9 de la Presse Canada.<\/p>\n\n\n\n<p>\u00ab Ce qui m\u2019a permis de continuer, c\u2019est le d\u00e9sir de tenir ces personnes puissantes responsables de leurs actes \u00bb, a-t-elle ajout\u00e9.<\/p>\n\n\n\n<p>Le reportage a provoqu\u00e9 une r\u00e9action imm\u00e9diate. Quelques jours apr\u00e8s sa publication, l\u2019h\u00f4pital a annonc\u00e9 qu\u2019il souhaitait mettre fin au programme. L\u2019enjeu a rapidement \u00e9t\u00e9 port\u00e9 \u00e0 l\u2019attention de Queen\u2019s Park, o\u00f9 le premier ministre Doug Ford est intervenu pour y mettre fin et a ensuite pr\u00e9sent\u00e9 une loi visant \u00e0 restreindre des recherches similaires.<\/p>\n\n\n\n<p>\u00ab Les enjeux importants de ce reportage ont suscit\u00e9 une attention nationale intense, ce qui n\u2019est pas habituel pour un journaliste \u00e9tudiant \u00bb, nous a confi\u00e9 Cribb. \u00ab Mais le professionnalisme de Jenna, sa rigueur journalistique, son sens de l\u2019\u00e9quit\u00e9 et son engagement envers la v\u00e9rit\u00e9 n\u2019ont jamais faibli. \u00bb<\/p>\n\n\n\n<h3 class=\"wp-block-heading\">Prix De La R\u00e9ussite Scolaire : Certificat De M\u00e9rite<\/h3>\n\n\n<div class=\"wp-block-image\">\n<figure class=\"alignleft size-full\"><img loading=\"lazy\" decoding=\"async\" width=\"400\" height=\"400\" src=\"https:\/\/worldpressfreedomcanada.ca\/wp-content\/uploads\/2026\/04\/heather-johnston.jpg\" alt=\"\" class=\"wp-image-21749\" srcset=\"https:\/\/worldpressfreedomcanada.ca\/wp-content\/uploads\/2026\/04\/heather-johnston.jpg 400w, https:\/\/worldpressfreedomcanada.ca\/wp-content\/uploads\/2026\/04\/heather-johnston-300x300.jpg 300w, https:\/\/worldpressfreedomcanada.ca\/wp-content\/uploads\/2026\/04\/heather-johnston-150x150.jpg 150w\" sizes=\"auto, (max-width: 400px) 100vw, 400px\" \/><\/figure>\n<\/div>\n\n\n<p>Dans son dernier article avant d\u2019obtenir son dipl\u00f4me en journalisme, Heather Johnston a donn\u00e9 la parole \u00e0 des survivantes d\u2019agressions sexuelles qui avaient \u00e9t\u00e9 r\u00e9duites au silence.<\/p>\n\n\n\n<p>Johnston a pass\u00e9 trois mois \u00e0 s\u2019entretenir avec des femmes ayant subi des agressions atroces, suivies de proc\u00e9dures judiciaires \u00e9prouvantes.<\/p>\n\n\n\n<p>Avec le consentement des femmes, elle a pass\u00e9 des semaines \u00e0 relancer le service de police de Calgary \u2014 passant d\u2019une personne peu utile \u00e0 une autre jusqu\u2019\u00e0 trouver quelqu\u2019un qui f\u00fbt en mesure de v\u00e9rifier leurs r\u00e9cits en d\u00e9tail.<\/p>\n\n\n\n<p>L\u2019article qui en a r\u00e9sult\u00e9, \u00ab Briser le silence \u00bb, a \u00e9t\u00e9 publi\u00e9 dans <em>The Calgary Journal<\/em>, la publication de l\u2019\u00c9cole de journalisme et de communications num\u00e9riques de l\u2019Universit\u00e9 Mount Royal.<\/p>\n\n\n\n<p>Johnston a pratiqu\u00e9 ce qu\u2019elle d\u00e9crit comme un journalisme \u00ab sensible aux traumatismes et ax\u00e9 sur les solutions \u00bb.<\/p>\n\n\n\n<p>Elle a expliqu\u00e9 \u00e0 ses sources qu\u2019elle ne cherchait pas simplement \u00e0 produire un article, mais qu\u2019elle \u00e9tait l\u00e0 pour raconter leur histoire. Elles pouvaient interrompre les entrevues \u00e0 tout moment, faire des pauses au besoin et \u00e9taient tenues inform\u00e9es de l\u2019\u00e9volution de l\u2019article. Johnston les a \u00e9galement mises en contact avec des services appropri\u00e9s et est rest\u00e9e en contact apr\u00e8s la publication.<\/p>\n\n\n\n<p>Son article de 2 000 mots comprend une liste de ressources pour les survivantes.<\/p>\n\n\n\n<p>Elle a couvert le projet de loi C-14 de l\u2019Alberta, qui vise \u00e0 durcir les conditions de mise en libert\u00e9 sous caution et les peines d\u2019emprisonnement pour les agresseurs sexuels violents et r\u00e9cidivistes, et a relay\u00e9 le point de vue des femmes selon lequel la cl\u00e9mence ne refl\u00e9tait pas la gravit\u00e9 des crimes.<\/p>\n\n\n\n<p>\u00ab Bien que cela puisse aider certaines survivantes, les d\u00e9fenseurs soutiennent que la violence sexuelle est un probl\u00e8me de soci\u00e9t\u00e9 fa\u00e7onn\u00e9 par des id\u00e9es fausses, la stigmatisation et des obstacles syst\u00e9miques \u00bb, a-t-elle \u00e9crit. \u00ab Certaines survivantes sont r\u00e9duites au silence avant m\u00eame d\u2019entrer dans le syst\u00e8me judiciaire, sans parler d\u2019obtenir justice pour les agressions qu\u2019elles ont subies. \u00bb<\/p>\n\n\n\n<p>Johnston est une journaliste \u00e9mergente des Territoires du Nord-Ouest, dipl\u00f4m\u00e9e avec grande distinction. Elle se sp\u00e9cialise dans les reportages de type magazine d\u2019int\u00e9r\u00eat humain, en mettant l\u2019accent sur la sant\u00e9 locale et les enjeux communautaires. Elle poursuit une carri\u00e8re en journalisme ind\u00e9pendant.<\/p>\n\n\n\n<hr class=\"wp-block-separator has-alpha-channel-opacity\"\/>\n\n\n<div class=\"wp-block-image\">\n<figure class=\"aligncenter size-large is-resized\"><img loading=\"lazy\" decoding=\"async\" width=\"791\" height=\"1024\" src=\"https:\/\/worldpressfreedomcanada.ca\/wp-content\/uploads\/2026\/04\/WPFC-Diner-2026-Programme-FR-cover-791x1024.jpg\" alt=\"\" class=\"wp-image-21754\" style=\"aspect-ratio:0.7727217091041801;width:470px;height:auto\" srcset=\"https:\/\/worldpressfreedomcanada.ca\/wp-content\/uploads\/2026\/04\/WPFC-Diner-2026-Programme-FR-cover-791x1024.jpg 791w, https:\/\/worldpressfreedomcanada.ca\/wp-content\/uploads\/2026\/04\/WPFC-Diner-2026-Programme-FR-cover-232x300.jpg 232w, https:\/\/worldpressfreedomcanada.ca\/wp-content\/uploads\/2026\/04\/WPFC-Diner-2026-Programme-FR-cover-768x994.jpg 768w, https:\/\/worldpressfreedomcanada.ca\/wp-content\/uploads\/2026\/04\/WPFC-Diner-2026-Programme-FR-cover-1187x1536.jpg 1187w, https:\/\/worldpressfreedomcanada.ca\/wp-content\/uploads\/2026\/04\/WPFC-Diner-2026-Programme-FR-cover-1583x2048.jpg 1583w, https:\/\/worldpressfreedomcanada.ca\/wp-content\/uploads\/2026\/04\/WPFC-Diner-2026-Programme-FR-cover-scaled.jpg 1978w\" sizes=\"auto, (max-width: 791px) 100vw, 791px\" \/><\/figure>\n<\/div>\n\n\n<div class=\"wp-block-buttons is-content-justification-center is-layout-flex wp-container-core-buttons-is-layout-16018d1d wp-block-buttons-is-layout-flex\">\n<div class=\"wp-block-button\"><a class=\"wp-block-button__link has-text-align-center wp-element-button\" href=\"https:\/\/mcusercontent.com\/12492a9f3977b4460f3925b4b\/files\/b9e9c933-e6ab-2cd9-f66e-b3cc16c968a8\/LPC_Diner_2026_Programme_FR.01.pdf\">T\u00e9l\u00e9charger le programme<\/a><\/div>\n<\/div>\n\n\n\n<p><\/p>\n","protected":false},"excerpt":{"rendered":"<p>F\u00e9licitations aux laur\u00e9ats des Prix de la libert\u00e9 de la presse 2026 ! Laur\u00e9at du prix de la libert\u00e9 de la presse, Fr\u00e9d\u00e9rik Plante Fr\u00e9d\u00e9rik Plante a livr\u00e9 un combat de tous les instants contre le gouvernement du Qu\u00e9bec et les tentatives de ce dernier de bloquer les demandes d\u2019acc\u00e8s \u00e0 l\u2019information et de cacher [&hellip;]<\/p>\n","protected":false},"featured_media":0,"template":"","meta":{"_acf_changed":false,"_price":"","_stock":"","_tribe_ticket_header":"","_tribe_default_ticket_provider":"","_tribe_ticket_capacity":"0","_ticket_start_date":"","_ticket_end_date":"","_tribe_ticket_show_description":"","_tribe_ticket_show_not_going":false,"_tribe_ticket_use_global_stock":"","_tribe_ticket_global_stock_level":"","_global_stock_mode":"","_global_stock_cap":"","_tribe_rsvp_for_event":"","_tribe_ticket_going_count":"","_tribe_ticket_not_going_count":"","_tribe_tickets_list":"[]","_tribe_ticket_has_attendee_info_fields":false,"footnotes":""},"class_list":["post-21751","award","type-award","status-publish","hentry"],"acf":[],"yoast_head":"<!-- This site is optimized with the Yoast SEO plugin v27.5 - https:\/\/yoast.com\/product\/yoast-seo-wordpress\/ -->\n<title>2026 - World Press Freedom Canada<\/title>\n<meta name=\"robots\" content=\"index, follow, max-snippet:-1, max-image-preview:large, max-video-preview:-1\" \/>\n<link rel=\"canonical\" href=\"https:\/\/worldpressfreedomcanada.ca\/fr\/prix-liberte-presse\/2026\/\" \/>\n<meta property=\"og:locale\" content=\"fr_FR\" \/>\n<meta property=\"og:type\" content=\"article\" \/>\n<meta property=\"og:title\" content=\"2026 - World Press Freedom Canada\" \/>\n<meta property=\"og:description\" content=\"F\u00e9licitations aux laur\u00e9ats des Prix de la libert\u00e9 de la presse 2026 ! Laur\u00e9at du prix de la libert\u00e9 de la presse, Fr\u00e9d\u00e9rik Plante Fr\u00e9d\u00e9rik Plante a livr\u00e9 un combat de tous les instants contre le gouvernement du Qu\u00e9bec et les tentatives de ce dernier de bloquer les demandes d\u2019acc\u00e8s \u00e0 l\u2019information et de cacher [&hellip;]\" \/>\n<meta property=\"og:url\" content=\"https:\/\/worldpressfreedomcanada.ca\/fr\/prix-liberte-presse\/2026\/\" \/>\n<meta property=\"og:site_name\" content=\"World Press Freedom Canada\" \/>\n<meta property=\"og:image\" content=\"https:\/\/worldpressfreedomcanada.ca\/wp-content\/uploads\/2026\/04\/plante.jpg\" \/>\n\t<meta property=\"og:image:width\" content=\"400\" \/>\n\t<meta property=\"og:image:height\" content=\"400\" \/>\n\t<meta property=\"og:image:type\" content=\"image\/jpeg\" \/>\n<meta name=\"twitter:card\" content=\"summary_large_image\" \/>\n<meta name=\"twitter:label1\" content=\"Dur\u00e9e de lecture estim\u00e9e\" \/>\n\t<meta name=\"twitter:data1\" content=\"12 minutes\" \/>\n<script type=\"application\/ld+json\" class=\"yoast-schema-graph\">{\"@context\":\"https:\\\/\\\/schema.org\",\"@graph\":[{\"@type\":\"WebPage\",\"@id\":\"https:\\\/\\\/worldpressfreedomcanada.ca\\\/fr\\\/prix-liberte-presse\\\/2026\\\/\",\"url\":\"https:\\\/\\\/worldpressfreedomcanada.ca\\\/fr\\\/prix-liberte-presse\\\/2026\\\/\",\"name\":\"2026 - World Press Freedom Canada\",\"isPartOf\":{\"@id\":\"https:\\\/\\\/worldpressfreedomcanada.ca\\\/fr\\\/#website\"},\"primaryImageOfPage\":{\"@id\":\"https:\\\/\\\/worldpressfreedomcanada.ca\\\/fr\\\/prix-liberte-presse\\\/2026\\\/#primaryimage\"},\"image\":{\"@id\":\"https:\\\/\\\/worldpressfreedomcanada.ca\\\/fr\\\/prix-liberte-presse\\\/2026\\\/#primaryimage\"},\"thumbnailUrl\":\"https:\\\/\\\/worldpressfreedomcanada.ca\\\/wp-content\\\/uploads\\\/2026\\\/04\\\/plante.jpg\",\"datePublished\":\"2026-04-29T12:30:00+00:00\",\"breadcrumb\":{\"@id\":\"https:\\\/\\\/worldpressfreedomcanada.ca\\\/fr\\\/prix-liberte-presse\\\/2026\\\/#breadcrumb\"},\"inLanguage\":\"fr-FR\",\"potentialAction\":[{\"@type\":\"ReadAction\",\"target\":[\"https:\\\/\\\/worldpressfreedomcanada.ca\\\/fr\\\/prix-liberte-presse\\\/2026\\\/\"]}]},{\"@type\":\"ImageObject\",\"inLanguage\":\"fr-FR\",\"@id\":\"https:\\\/\\\/worldpressfreedomcanada.ca\\\/fr\\\/prix-liberte-presse\\\/2026\\\/#primaryimage\",\"url\":\"https:\\\/\\\/worldpressfreedomcanada.ca\\\/wp-content\\\/uploads\\\/2026\\\/04\\\/plante.jpg\",\"contentUrl\":\"https:\\\/\\\/worldpressfreedomcanada.ca\\\/wp-content\\\/uploads\\\/2026\\\/04\\\/plante.jpg\"},{\"@type\":\"BreadcrumbList\",\"@id\":\"https:\\\/\\\/worldpressfreedomcanada.ca\\\/fr\\\/prix-liberte-presse\\\/2026\\\/#breadcrumb\",\"itemListElement\":[{\"@type\":\"ListItem\",\"position\":1,\"name\":\"Home\",\"item\":\"https:\\\/\\\/worldpressfreedomcanada.ca\\\/fr\\\/\"},{\"@type\":\"ListItem\",\"position\":2,\"name\":\"Awards\",\"item\":\"https:\\\/\\\/worldpressfreedomcanada.ca\\\/fr\\\/prix-liberte-presse\\\/\"},{\"@type\":\"ListItem\",\"position\":3,\"name\":\"2026\"}]},{\"@type\":\"WebSite\",\"@id\":\"https:\\\/\\\/worldpressfreedomcanada.ca\\\/fr\\\/#website\",\"url\":\"https:\\\/\\\/worldpressfreedomcanada.ca\\\/fr\\\/\",\"name\":\"World Press Freedom Canada\",\"description\":\"Championing press freedom, defending democracy\",\"potentialAction\":[{\"@type\":\"SearchAction\",\"target\":{\"@type\":\"EntryPoint\",\"urlTemplate\":\"https:\\\/\\\/worldpressfreedomcanada.ca\\\/fr\\\/?s={search_term_string}\"},\"query-input\":{\"@type\":\"PropertyValueSpecification\",\"valueRequired\":true,\"valueName\":\"search_term_string\"}}],\"inLanguage\":\"fr-FR\"}]}<\/script>\n<!-- \/ Yoast SEO plugin. -->","yoast_head_json":{"title":"2026 - World Press Freedom Canada","robots":{"index":"index","follow":"follow","max-snippet":"max-snippet:-1","max-image-preview":"max-image-preview:large","max-video-preview":"max-video-preview:-1"},"canonical":"https:\/\/worldpressfreedomcanada.ca\/fr\/prix-liberte-presse\/2026\/","og_locale":"fr_FR","og_type":"article","og_title":"2026 - World Press Freedom Canada","og_description":"F\u00e9licitations aux laur\u00e9ats des Prix de la libert\u00e9 de la presse 2026 ! Laur\u00e9at du prix de la libert\u00e9 de la presse, Fr\u00e9d\u00e9rik Plante Fr\u00e9d\u00e9rik Plante a livr\u00e9 un combat de tous les instants contre le gouvernement du Qu\u00e9bec et les tentatives de ce dernier de bloquer les demandes d\u2019acc\u00e8s \u00e0 l\u2019information et de cacher [&hellip;]","og_url":"https:\/\/worldpressfreedomcanada.ca\/fr\/prix-liberte-presse\/2026\/","og_site_name":"World Press Freedom Canada","og_image":[{"width":400,"height":400,"url":"https:\/\/worldpressfreedomcanada.ca\/wp-content\/uploads\/2026\/04\/plante.jpg","type":"image\/jpeg"}],"twitter_card":"summary_large_image","twitter_misc":{"Dur\u00e9e de lecture estim\u00e9e":"12 minutes"},"schema":{"@context":"https:\/\/schema.org","@graph":[{"@type":"WebPage","@id":"https:\/\/worldpressfreedomcanada.ca\/fr\/prix-liberte-presse\/2026\/","url":"https:\/\/worldpressfreedomcanada.ca\/fr\/prix-liberte-presse\/2026\/","name":"2026 - World Press Freedom Canada","isPartOf":{"@id":"https:\/\/worldpressfreedomcanada.ca\/fr\/#website"},"primaryImageOfPage":{"@id":"https:\/\/worldpressfreedomcanada.ca\/fr\/prix-liberte-presse\/2026\/#primaryimage"},"image":{"@id":"https:\/\/worldpressfreedomcanada.ca\/fr\/prix-liberte-presse\/2026\/#primaryimage"},"thumbnailUrl":"https:\/\/worldpressfreedomcanada.ca\/wp-content\/uploads\/2026\/04\/plante.jpg","datePublished":"2026-04-29T12:30:00+00:00","breadcrumb":{"@id":"https:\/\/worldpressfreedomcanada.ca\/fr\/prix-liberte-presse\/2026\/#breadcrumb"},"inLanguage":"fr-FR","potentialAction":[{"@type":"ReadAction","target":["https:\/\/worldpressfreedomcanada.ca\/fr\/prix-liberte-presse\/2026\/"]}]},{"@type":"ImageObject","inLanguage":"fr-FR","@id":"https:\/\/worldpressfreedomcanada.ca\/fr\/prix-liberte-presse\/2026\/#primaryimage","url":"https:\/\/worldpressfreedomcanada.ca\/wp-content\/uploads\/2026\/04\/plante.jpg","contentUrl":"https:\/\/worldpressfreedomcanada.ca\/wp-content\/uploads\/2026\/04\/plante.jpg"},{"@type":"BreadcrumbList","@id":"https:\/\/worldpressfreedomcanada.ca\/fr\/prix-liberte-presse\/2026\/#breadcrumb","itemListElement":[{"@type":"ListItem","position":1,"name":"Home","item":"https:\/\/worldpressfreedomcanada.ca\/fr\/"},{"@type":"ListItem","position":2,"name":"Awards","item":"https:\/\/worldpressfreedomcanada.ca\/fr\/prix-liberte-presse\/"},{"@type":"ListItem","position":3,"name":"2026"}]},{"@type":"WebSite","@id":"https:\/\/worldpressfreedomcanada.ca\/fr\/#website","url":"https:\/\/worldpressfreedomcanada.ca\/fr\/","name":"World Press Freedom Canada","description":"Championing press freedom, defending democracy","potentialAction":[{"@type":"SearchAction","target":{"@type":"EntryPoint","urlTemplate":"https:\/\/worldpressfreedomcanada.ca\/fr\/?s={search_term_string}"},"query-input":{"@type":"PropertyValueSpecification","valueRequired":true,"valueName":"search_term_string"}}],"inLanguage":"fr-FR"}]}},"_links":{"self":[{"href":"https:\/\/worldpressfreedomcanada.ca\/fr\/wp-json\/wp\/v2\/award\/21751","targetHints":{"allow":["GET"]}}],"collection":[{"href":"https:\/\/worldpressfreedomcanada.ca\/fr\/wp-json\/wp\/v2\/award"}],"about":[{"href":"https:\/\/worldpressfreedomcanada.ca\/fr\/wp-json\/wp\/v2\/types\/award"}],"version-history":[{"count":3,"href":"https:\/\/worldpressfreedomcanada.ca\/fr\/wp-json\/wp\/v2\/award\/21751\/revisions"}],"predecessor-version":[{"id":21756,"href":"https:\/\/worldpressfreedomcanada.ca\/fr\/wp-json\/wp\/v2\/award\/21751\/revisions\/21756"}],"wp:attachment":[{"href":"https:\/\/worldpressfreedomcanada.ca\/fr\/wp-json\/wp\/v2\/media?parent=21751"}],"curies":[{"name":"wp","href":"https:\/\/api.w.org\/{rel}","templated":true}]}}