{"id":19815,"date":"2025-01-06T20:46:02","date_gmt":"2025-01-06T20:46:02","guid":{"rendered":"https:\/\/worldpressfreedomcanada.ca\/?page_id=19815"},"modified":"2025-02-24T21:57:36","modified_gmt":"2025-02-24T21:57:36","slug":"impliquez-vous","status":"publish","type":"page","link":"https:\/\/worldpressfreedomcanada.ca\/fr\/impliquez-vous\/","title":{"rendered":"Impliquez-vous"},"content":{"rendered":"\n<h2 class=\"wp-block-heading\">Aidez-nous \u00e0 d\u00e9fendre la libert\u00e9 de la presse<\/h2>\n\n\n\n<hr class=\"wp-block-separator has-alpha-channel-opacity\"\/>\n\n\n\n<p>La promotion et la d\u00e9fense de la libert\u00e9 de la presse requi\u00e8rent les efforts collectifs d&rsquo;individus passionn\u00e9s par la justice, la d\u00e9mocratie et l&rsquo;acc\u00e8s \u00e0 l&rsquo;information. Il existe de nombreuses fa\u00e7ons de s&rsquo;impliquer et de faire une r\u00e9elle diff\u00e9rence. Que vous souhaitiez consacrer du temps, des ressources ou des comp\u00e9tences, votre participation est essentielle pour faire avancer notre mission. Voici comment vous pouvez nous aider !<\/p>\n\n\n\n<div style=\"height:50px\" aria-hidden=\"true\" class=\"wp-block-spacer\"><\/div>\n\n\n\n<div class=\"wp-block-group large-gap is-layout-grid wp-container-core-group-is-layout-baef362d wp-block-group-is-layout-grid\">\n<div class=\"wp-block-group bg-secondary-light p-5\"><div class=\"wp-block-group__inner-container is-layout-constrained wp-block-group-is-layout-constrained\">\n<h3 class=\"wp-block-heading text-primary\">Rejoindre un comit\u00e9<\/h3>\n\n\n\n<p class=\"has-small-font-size\">Faites partie de notre \u00e9quipe dynamique en rejoignant l&rsquo;un de nos comit\u00e9s. Que vous soyez sp\u00e9cialis\u00e9 dans la d\u00e9fense des droits, la communication, l&rsquo;organisation d&rsquo;\u00e9v\u00e9nements ou la collecte de fonds, il existe un comit\u00e9 au sein duquel vous pourrez avoir un impact. En tant que membre d&rsquo;un comit\u00e9, vous contribuerez \u00e0 la mise en \u0153uvre d&rsquo;initiatives cl\u00e9s, soutiendrez des campagnes essentielles et collaborerez avec des personnes partageant les m\u00eames id\u00e9es et engag\u00e9es dans la d\u00e9fense de la libert\u00e9 de la presse.<\/p>\n\n\n\n<p class=\"link-color\"><a href=\"\/fr\/a-propos#committees\">En savoir plus \u00bb<\/a><\/p>\n<\/div><\/div>\n\n\n\n<div class=\"wp-block-group bg-secondary-light p-5\"><div class=\"wp-block-group__inner-container is-layout-constrained wp-block-group-is-layout-constrained\">\n<h3 class=\"wp-block-heading text-primary\">Nous soutenir financi\u00e8rement<\/h3>\n\n\n\n<p class=\"has-small-font-size\">Votre soutien financier est essentiel pour nous permettre de poursuivre notre travail. Les dons contribuent \u00e0 financer nos efforts de plaidoyer, nos \u00e9v\u00e9nements et nos ressources qui soutiennent les journalistes et les travailleurs des m\u00e9dias dans le monde entier. Qu&rsquo;il s&rsquo;agisse d&rsquo;une contribution unique ou d&rsquo;un don mensuel, votre g\u00e9n\u00e9rosit\u00e9 contribue \u00e0 garantir la protection de la libert\u00e9 de la presse<\/p>\n\n\n\n<p class=\"link-color\"><a href=\"\/fr\/soutenez-nous#donate\">Soutenez-nous<\/a><a href=\"\/support-us#donate\"> \u00bb<\/a><\/p>\n<\/div><\/div>\n<\/div>\n\n\n\n<div class=\"wp-block-group large-gap mt-4 is-layout-grid wp-container-core-group-is-layout-baef362d wp-block-group-is-layout-grid\">\n<div class=\"wp-block-group bg-secondary-light p-5\"><div class=\"wp-block-group__inner-container is-layout-constrained wp-block-group-is-layout-constrained\">\n<h3 class=\"wp-block-heading text-primary\">\u00c9crire pour La D\u00e9p\u00eache<\/h3>\n\n\n\n<p class=\"has-small-font-size\">Vous \u00eates passionn\u00e9 par l&rsquo;\u00e9criture ou par la libert\u00e9 de la presse ? Contribuez \u00e0 notre lettre d&rsquo;information bimestrielle, La D\u00e9p\u00eache. Nous acceptons les articles, les prises de position et les r\u00e9flexions qui informent, inspirent et sensibilisent \u00e0 l&rsquo;importance d&rsquo;une presse libre et ind\u00e9pendante. Votre voix peut contribuer \u00e0 amplifier la conversation sur les questions de libert\u00e9 de la presse.<\/p>\n\n\n\n<p class=\"link-color\"><a href=\"\/fr\/ladepeche\">Voir La D\u00e9p\u00eache \u00bb<\/a><\/p>\n<\/div><\/div>\n\n\n\n<div class=\"wp-block-group bg-secondary-light p-5\"><div class=\"wp-block-group__inner-container is-layout-constrained wp-block-group-is-layout-constrained\">\n<h3 class=\"wp-block-heading text-primary\">Plaider pour la libert\u00e9 de la presse<\/h3>\n\n\n\n<p class=\"has-small-font-size\">D\u00e9fendez la libert\u00e9 de la presse dans votre communaut\u00e9. Partagez des articles, engagez-vous sur les m\u00e9dias sociaux et participez \u00e0 des campagnes qui promeuvent les droits des journalistes. Votre voix peut contribuer \u00e0 sensibiliser l&rsquo;opinion publique et inciter d&rsquo;autres personnes \u00e0 rejoindre le mouvement.<\/p>\n<\/div><\/div>\n<\/div>\n\n\n\n<div class=\"wp-block-group large-gap mt-4 is-layout-grid wp-container-core-group-is-layout-baef362d wp-block-group-is-layout-grid\">\n<div class=\"wp-block-group bg-secondary-light p-5\"><div class=\"wp-block-group__inner-container is-layout-constrained wp-block-group-is-layout-constrained\">\n<h3 class=\"wp-block-heading text-primary\">Offrez vos comp\u00e9tences<\/h3>\n\n\n\n<p class=\"has-small-font-size\">Vous avez des comp\u00e9tences en graphisme, en gestion des m\u00e9dias sociaux, en organisation d&rsquo;\u00e9v\u00e9nements ou dans un autre domaine ? Nous sommes toujours \u00e0 la recherche de b\u00e9n\u00e9voles qui peuvent mettre leurs talents au service de nos initiatives. Que vous participiez \u00e0 la cr\u00e9ation de mat\u00e9riel promotionnel ou \u00e0 l&rsquo;organisation d&rsquo;un \u00e9v\u00e9nement, votre contribution fait la diff\u00e9rence.<\/p>\n<\/div><\/div>\n\n\n\n<div class=\"wp-block-group bg-secondary-light p-5\"><div class=\"wp-block-group__inner-container is-layout-constrained wp-block-group-is-layout-constrained\">\n<h3 class=\"wp-block-heading text-primary\">Diffuser l&rsquo;information<\/h3>\n\n\n\n<p class=\"has-small-font-size\">Aidez-nous \u00e0 amplifier notre travail en partageant notre message. Suivez-nous sur les m\u00e9dias sociaux, transmettez notre lettre d&rsquo;information et invitez d&rsquo;autres personnes \u00e0 s&rsquo;impliquer. Plus il y aura de personnes qui comprendront l&rsquo;importance de la libert\u00e9 de la presse, plus notre impact collectif sera fort.<\/p>\n<\/div><\/div>\n<\/div>\n\n\n\n<div style=\"height:50px\" aria-hidden=\"true\" class=\"wp-block-spacer\"><\/div>\n\n\n\n<h2 class=\"wp-block-heading\">Ensemble, nous pouvons faire la diff\u00e9rence<\/h2>\n\n\n\n<hr class=\"wp-block-separator has-alpha-channel-opacity\"\/>\n\n\n\n<p class=\"has-small-font-size\">Chaque action, petite ou grande, joue un r\u00f4le crucial dans la d\u00e9fense de la libert\u00e9 de la presse. Que vous fassiez un don, que vous soyez b\u00e9n\u00e9vole ou que vous pr\u00eatiez votre voix, votre soutien nous aide \u00e0 faire en sorte que la libert\u00e9 de la presse reste une pierre angulaire de la d\u00e9mocratie.<\/p>\n","protected":false},"excerpt":{"rendered":"<p>Aidez-nous \u00e0 d\u00e9fendre la libert\u00e9 de la presse La promotion et la d\u00e9fense de la libert\u00e9 de la presse requi\u00e8rent les efforts collectifs d&rsquo;individus passionn\u00e9s par la justice, la d\u00e9mocratie et l&rsquo;acc\u00e8s \u00e0 l&rsquo;information. Il existe de nombreuses fa\u00e7ons de s&rsquo;impliquer et de faire une r\u00e9elle diff\u00e9rence. Que vous souhaitiez consacrer du temps, des ressources [&hellip;]<\/p>\n","protected":false},"author":1,"featured_media":19324,"parent":0,"menu_order":0,"comment_status":"closed","ping_status":"closed","template":"","meta":{"_acf_changed":false,"_price":"","_stock":"","_tribe_ticket_header":"","_tribe_default_ticket_provider":"","_tribe_ticket_capacity":"0","_ticket_start_date":"","_ticket_end_date":"","_tribe_ticket_show_description":"","_tribe_ticket_show_not_going":false,"_tribe_ticket_use_global_stock":"","_tribe_ticket_global_stock_level":"","_global_stock_mode":"","_global_stock_cap":"","_tribe_rsvp_for_event":"","_tribe_ticket_going_count":"","_tribe_ticket_not_going_count":"","_tribe_tickets_list":"[]","_tribe_ticket_has_attendee_info_fields":false,"footnotes":"","_tec_slr_enabled":"","_tec_slr_layout":""},"class_list":["post-19815","page","type-page","status-publish","has-post-thumbnail","hentry"],"acf":[],"yoast_head":"<!-- This site is optimized with the Yoast SEO plugin v27.4 - https:\/\/yoast.com\/product\/yoast-seo-wordpress\/ -->\n<title>Impliquez-vous - World Press Freedom Canada<\/title>\n<meta name=\"robots\" content=\"index, follow, max-snippet:-1, max-image-preview:large, max-video-preview:-1\" \/>\n<link rel=\"canonical\" href=\"https:\/\/worldpressfreedomcanada.ca\/fr\/impliquez-vous\/\" \/>\n<meta property=\"og:locale\" content=\"fr_FR\" \/>\n<meta property=\"og:type\" content=\"article\" \/>\n<meta property=\"og:title\" content=\"Impliquez-vous - World Press Freedom Canada\" \/>\n<meta property=\"og:description\" content=\"Aidez-nous \u00e0 d\u00e9fendre la libert\u00e9 de la presse La promotion et la d\u00e9fense de la libert\u00e9 de la presse requi\u00e8rent les efforts collectifs d&rsquo;individus passionn\u00e9s par la justice, la d\u00e9mocratie et l&rsquo;acc\u00e8s \u00e0 l&rsquo;information. Il existe de nombreuses fa\u00e7ons de s&rsquo;impliquer et de faire une r\u00e9elle diff\u00e9rence. Que vous souhaitiez consacrer du temps, des ressources [&hellip;]\" \/>\n<meta property=\"og:url\" content=\"https:\/\/worldpressfreedomcanada.ca\/fr\/impliquez-vous\/\" \/>\n<meta property=\"og:site_name\" content=\"World Press Freedom Canada\" \/>\n<meta property=\"article:modified_time\" content=\"2025-02-24T21:57:36+00:00\" \/>\n<meta property=\"og:image\" content=\"https:\/\/worldpressfreedomcanada.ca\/wp-content\/uploads\/2025\/01\/get-involved.jpg\" \/>\n\t<meta property=\"og:image:width\" content=\"1550\" \/>\n\t<meta property=\"og:image:height\" content=\"704\" \/>\n\t<meta property=\"og:image:type\" content=\"image\/jpeg\" \/>\n<meta name=\"twitter:card\" content=\"summary_large_image\" \/>\n<meta name=\"twitter:label1\" content=\"Dur\u00e9e de lecture estim\u00e9e\" \/>\n\t<meta name=\"twitter:data1\" content=\"3 minutes\" \/>\n<script type=\"application\/ld+json\" class=\"yoast-schema-graph\">{\"@context\":\"https:\\\/\\\/schema.org\",\"@graph\":[{\"@type\":\"WebPage\",\"@id\":\"https:\\\/\\\/worldpressfreedomcanada.ca\\\/fr\\\/impliquez-vous\\\/\",\"url\":\"https:\\\/\\\/worldpressfreedomcanada.ca\\\/fr\\\/impliquez-vous\\\/\",\"name\":\"Impliquez-vous - World Press Freedom Canada\",\"isPartOf\":{\"@id\":\"https:\\\/\\\/worldpressfreedomcanada.ca\\\/fr\\\/#website\"},\"primaryImageOfPage\":{\"@id\":\"https:\\\/\\\/worldpressfreedomcanada.ca\\\/fr\\\/impliquez-vous\\\/#primaryimage\"},\"image\":{\"@id\":\"https:\\\/\\\/worldpressfreedomcanada.ca\\\/fr\\\/impliquez-vous\\\/#primaryimage\"},\"thumbnailUrl\":\"https:\\\/\\\/worldpressfreedomcanada.ca\\\/wp-content\\\/uploads\\\/2025\\\/01\\\/get-involved.jpg\",\"datePublished\":\"2025-01-06T20:46:02+00:00\",\"dateModified\":\"2025-02-24T21:57:36+00:00\",\"breadcrumb\":{\"@id\":\"https:\\\/\\\/worldpressfreedomcanada.ca\\\/fr\\\/impliquez-vous\\\/#breadcrumb\"},\"inLanguage\":\"fr-FR\",\"potentialAction\":[{\"@type\":\"ReadAction\",\"target\":[\"https:\\\/\\\/worldpressfreedomcanada.ca\\\/fr\\\/impliquez-vous\\\/\"]}]},{\"@type\":\"ImageObject\",\"inLanguage\":\"fr-FR\",\"@id\":\"https:\\\/\\\/worldpressfreedomcanada.ca\\\/fr\\\/impliquez-vous\\\/#primaryimage\",\"url\":\"https:\\\/\\\/worldpressfreedomcanada.ca\\\/wp-content\\\/uploads\\\/2025\\\/01\\\/get-involved.jpg\",\"contentUrl\":\"https:\\\/\\\/worldpressfreedomcanada.ca\\\/wp-content\\\/uploads\\\/2025\\\/01\\\/get-involved.jpg\",\"width\":1550,\"height\":704},{\"@type\":\"BreadcrumbList\",\"@id\":\"https:\\\/\\\/worldpressfreedomcanada.ca\\\/fr\\\/impliquez-vous\\\/#breadcrumb\",\"itemListElement\":[{\"@type\":\"ListItem\",\"position\":1,\"name\":\"Home\",\"item\":\"https:\\\/\\\/worldpressfreedomcanada.ca\\\/fr\\\/\"},{\"@type\":\"ListItem\",\"position\":2,\"name\":\"Impliquez-vous\"}]},{\"@type\":\"WebSite\",\"@id\":\"https:\\\/\\\/worldpressfreedomcanada.ca\\\/fr\\\/#website\",\"url\":\"https:\\\/\\\/worldpressfreedomcanada.ca\\\/fr\\\/\",\"name\":\"World Press Freedom Canada\",\"description\":\"Championing press freedom, defending democracy\",\"potentialAction\":[{\"@type\":\"SearchAction\",\"target\":{\"@type\":\"EntryPoint\",\"urlTemplate\":\"https:\\\/\\\/worldpressfreedomcanada.ca\\\/fr\\\/?s={search_term_string}\"},\"query-input\":{\"@type\":\"PropertyValueSpecification\",\"valueRequired\":true,\"valueName\":\"search_term_string\"}}],\"inLanguage\":\"fr-FR\"}]}<\/script>\n<!-- \/ Yoast SEO plugin. -->","yoast_head_json":{"title":"Impliquez-vous - World Press Freedom Canada","robots":{"index":"index","follow":"follow","max-snippet":"max-snippet:-1","max-image-preview":"max-image-preview:large","max-video-preview":"max-video-preview:-1"},"canonical":"https:\/\/worldpressfreedomcanada.ca\/fr\/impliquez-vous\/","og_locale":"fr_FR","og_type":"article","og_title":"Impliquez-vous - World Press Freedom Canada","og_description":"Aidez-nous \u00e0 d\u00e9fendre la libert\u00e9 de la presse La promotion et la d\u00e9fense de la libert\u00e9 de la presse requi\u00e8rent les efforts collectifs d&rsquo;individus passionn\u00e9s par la justice, la d\u00e9mocratie et l&rsquo;acc\u00e8s \u00e0 l&rsquo;information. Il existe de nombreuses fa\u00e7ons de s&rsquo;impliquer et de faire une r\u00e9elle diff\u00e9rence. Que vous souhaitiez consacrer du temps, des ressources [&hellip;]","og_url":"https:\/\/worldpressfreedomcanada.ca\/fr\/impliquez-vous\/","og_site_name":"World Press Freedom Canada","article_modified_time":"2025-02-24T21:57:36+00:00","og_image":[{"width":1550,"height":704,"url":"https:\/\/worldpressfreedomcanada.ca\/wp-content\/uploads\/2025\/01\/get-involved.jpg","type":"image\/jpeg"}],"twitter_card":"summary_large_image","twitter_misc":{"Dur\u00e9e de lecture estim\u00e9e":"3 minutes"},"schema":{"@context":"https:\/\/schema.org","@graph":[{"@type":"WebPage","@id":"https:\/\/worldpressfreedomcanada.ca\/fr\/impliquez-vous\/","url":"https:\/\/worldpressfreedomcanada.ca\/fr\/impliquez-vous\/","name":"Impliquez-vous - World Press Freedom Canada","isPartOf":{"@id":"https:\/\/worldpressfreedomcanada.ca\/fr\/#website"},"primaryImageOfPage":{"@id":"https:\/\/worldpressfreedomcanada.ca\/fr\/impliquez-vous\/#primaryimage"},"image":{"@id":"https:\/\/worldpressfreedomcanada.ca\/fr\/impliquez-vous\/#primaryimage"},"thumbnailUrl":"https:\/\/worldpressfreedomcanada.ca\/wp-content\/uploads\/2025\/01\/get-involved.jpg","datePublished":"2025-01-06T20:46:02+00:00","dateModified":"2025-02-24T21:57:36+00:00","breadcrumb":{"@id":"https:\/\/worldpressfreedomcanada.ca\/fr\/impliquez-vous\/#breadcrumb"},"inLanguage":"fr-FR","potentialAction":[{"@type":"ReadAction","target":["https:\/\/worldpressfreedomcanada.ca\/fr\/impliquez-vous\/"]}]},{"@type":"ImageObject","inLanguage":"fr-FR","@id":"https:\/\/worldpressfreedomcanada.ca\/fr\/impliquez-vous\/#primaryimage","url":"https:\/\/worldpressfreedomcanada.ca\/wp-content\/uploads\/2025\/01\/get-involved.jpg","contentUrl":"https:\/\/worldpressfreedomcanada.ca\/wp-content\/uploads\/2025\/01\/get-involved.jpg","width":1550,"height":704},{"@type":"BreadcrumbList","@id":"https:\/\/worldpressfreedomcanada.ca\/fr\/impliquez-vous\/#breadcrumb","itemListElement":[{"@type":"ListItem","position":1,"name":"Home","item":"https:\/\/worldpressfreedomcanada.ca\/fr\/"},{"@type":"ListItem","position":2,"name":"Impliquez-vous"}]},{"@type":"WebSite","@id":"https:\/\/worldpressfreedomcanada.ca\/fr\/#website","url":"https:\/\/worldpressfreedomcanada.ca\/fr\/","name":"World Press Freedom Canada","description":"Championing press freedom, defending democracy","potentialAction":[{"@type":"SearchAction","target":{"@type":"EntryPoint","urlTemplate":"https:\/\/worldpressfreedomcanada.ca\/fr\/?s={search_term_string}"},"query-input":{"@type":"PropertyValueSpecification","valueRequired":true,"valueName":"search_term_string"}}],"inLanguage":"fr-FR"}]}},"ticketed":false,"_links":{"self":[{"href":"https:\/\/worldpressfreedomcanada.ca\/fr\/wp-json\/wp\/v2\/pages\/19815","targetHints":{"allow":["GET"]}}],"collection":[{"href":"https:\/\/worldpressfreedomcanada.ca\/fr\/wp-json\/wp\/v2\/pages"}],"about":[{"href":"https:\/\/worldpressfreedomcanada.ca\/fr\/wp-json\/wp\/v2\/types\/page"}],"author":[{"embeddable":true,"href":"https:\/\/worldpressfreedomcanada.ca\/fr\/wp-json\/wp\/v2\/users\/1"}],"replies":[{"embeddable":true,"href":"https:\/\/worldpressfreedomcanada.ca\/fr\/wp-json\/wp\/v2\/comments?post=19815"}],"version-history":[{"count":4,"href":"https:\/\/worldpressfreedomcanada.ca\/fr\/wp-json\/wp\/v2\/pages\/19815\/revisions"}],"predecessor-version":[{"id":20160,"href":"https:\/\/worldpressfreedomcanada.ca\/fr\/wp-json\/wp\/v2\/pages\/19815\/revisions\/20160"}],"wp:featuredmedia":[{"embeddable":true,"href":"https:\/\/worldpressfreedomcanada.ca\/fr\/wp-json\/wp\/v2\/media\/19324"}],"wp:attachment":[{"href":"https:\/\/worldpressfreedomcanada.ca\/fr\/wp-json\/wp\/v2\/media?parent=19815"}],"curies":[{"name":"wp","href":"https:\/\/api.w.org\/{rel}","templated":true}]}}