{"id":19818,"date":"2025-01-22T04:06:27","date_gmt":"2025-01-22T04:06:27","guid":{"rendered":"https:\/\/worldpressfreedomcanada.ca\/?page_id=19818"},"modified":"2025-02-24T21:58:30","modified_gmt":"2025-02-24T21:58:30","slug":"soutenez-nous","status":"publish","type":"page","link":"https:\/\/worldpressfreedomcanada.ca\/fr\/soutenez-nous\/","title":{"rendered":"Soutenez-nous"},"content":{"rendered":"\n<h2 class=\"wp-block-heading\">Collaborez avec nous pour d\u00e9fendre la libert\u00e9 de la presse<\/h2>\n\n\n\n<hr class=\"wp-block-separator has-alpha-channel-opacity\"\/>\n\n\n\n<p>Dans le monde d&rsquo;aujourd&rsquo;hui, la lutte pour la libert\u00e9 de la presse n&rsquo;a jamais \u00e9t\u00e9 aussi urgente. Libert\u00e9 de la presse Canada est \u00e0 l&rsquo;avant-garde de cette bataille, d\u00e9fendant la libert\u00e9 de la presse et les droits des journalistes et des travailleurs des m\u00e9dias, qui sont essentiels au maintien de la d\u00e9mocratie. Mais nous ne pouvons pas agir seuls. Nous avons besoin de votre soutien pour continuer \u00e0 d\u00e9fendre la presse et \u00e0 promouvoir les valeurs de transparence, de responsabilit\u00e9 et de libert\u00e9 d&rsquo;expression.<\/p>\n\n\n\n<div style=\"height:50px\" aria-hidden=\"true\" class=\"wp-block-spacer\"><\/div>\n\n\n\n<h2 class=\"wp-block-heading\">Votre soutien nous aide de trois mani\u00e8res essentielles :<\/h2>\n\n\n\n<hr class=\"wp-block-separator has-alpha-channel-opacity\"\/>\n\n\n\n<div class=\"wp-block-group large-gap is-layout-grid wp-container-core-group-is-layout-6be84c55 wp-block-group-is-layout-grid\">\n<div class=\"wp-block-group\"><div class=\"wp-block-group__inner-container is-layout-constrained wp-block-group-is-layout-constrained\">\n<figure class=\"wp-block-image size-full mb-4 wp-container-content-69bc4bdf\"><img decoding=\"async\" src=\"\/wp-content\/uploads\/2025\/01\/badge-red.svg\" alt=\"\" class=\"wp-image-19149\"\/><\/figure>\n\n\n\n<p class=\"has-small-font-size wp-container-content-69bc4bdf\"><strong>Plaidoyer<\/strong> <strong>:<\/strong> Nous luttons pour une meilleure protection des journalistes et des travailleurs des m\u00e9dias dans la l\u00e9gislation et dans la pratique, afin qu&rsquo;ils puissent travailler librement et en toute s\u00e9curit\u00e9.<\/p>\n<\/div><\/div>\n\n\n\n<div class=\"wp-block-group\"><div class=\"wp-block-group__inner-container is-layout-constrained wp-block-group-is-layout-constrained\">\n<figure class=\"wp-block-image size-full mb-4 wp-container-content-69bc4bdf\"><img decoding=\"async\" src=\"\/wp-content\/uploads\/2025\/01\/trophy-red.svg\" alt=\"\" class=\"wp-image-19150\"\/><\/figure>\n\n\n\n<p class=\"has-small-font-size wp-container-content-69bc4bdf\"><strong>C\u00e9l\u00e9bration<\/strong> <strong>:<\/strong> Nous reconnaissons et honorons les contributions indispensables des journalistes et des travailleurs des m\u00e9dias, en mettant en \u00e9vidence leur r\u00f4le dans la promotion d&rsquo;un discours public \u00e9clair\u00e9 et de la r\u00e9silience d\u00e9mocratique.<\/p>\n<\/div><\/div>\n\n\n\n<div class=\"wp-block-group\"><div class=\"wp-block-group__inner-container is-layout-constrained wp-block-group-is-layout-constrained\">\n<figure class=\"wp-block-image size-full mb-4 wp-container-content-69bc4bdf\"><img decoding=\"async\" src=\"\/wp-content\/uploads\/2025\/01\/comment-red.svg\" alt=\"\" class=\"wp-image-19151\"\/><\/figure>\n\n\n\n<p class=\"has-small-font-size wp-container-content-69bc4bdf\"><strong>Soutien<\/strong> <strong>:<\/strong> Que ce soit par des actions directes, des ressources ou des partenariats, nous sommes solidaires des journalistes et des travailleurs des m\u00e9dias qui font l&rsquo;objet de menaces, d&rsquo;intimidations ou de censure.<\/p>\n<\/div><\/div>\n<\/div>\n\n\n\n<div style=\"height:50px\" aria-hidden=\"true\" class=\"wp-block-spacer\"><\/div>\n\n\n\n<h2 class=\"wp-block-heading\">Les menaces contre la libert\u00e9 de la presse se multiplient<\/h2>\n\n\n\n<hr class=\"wp-block-separator has-alpha-channel-opacity\"\/>\n\n\n\n<p>Les gouvernements emprisonnent les journalistes, ferment les m\u00e9dias ind\u00e9pendants et m\u00e8nent des campagnes de d\u00e9sinformation. Les femmes et les journalistes racis\u00e9s sont de plus en plus menac\u00e9s, notamment par le harc\u00e8lement en ligne, simplement parce qu&rsquo;ils rapportent des v\u00e9rit\u00e9s qui d\u00e9rangent. Ces attaques ne mettent pas seulement en danger la s\u00e9curit\u00e9 des travailleurs des m\u00e9dias, mais visent \u00e0 r\u00e9duire au silence les voix qui demandent des comptes aux puissants.<\/p>\n\n\n\n<h3 class=\"wp-block-heading\" id=\"donate\">Faites un don aujourd&rsquo;hui et ayez un impact durable dans la lutte pour la libert\u00e9 de la presse au Canada et \u00e0 l&rsquo;\u00e9tranger.<\/h3>\n\n\n\n<a href=\"https:\/\/www.paypal.com\/donate?hosted_button_id=HYVPTJVSPMUM8&#038;locale.x=fr_CA\"\n   onclick=\"window.open(this.href, 'paypal', 'width=500,height=700'); return false;\">\n    <button class=\"btn btn-primary\">\n        Faire un don\n    <\/button>\n<\/a>\n\n\n\n<p class=\"mt-4 has-small-font-size\">Veuillez noter que nous sommes une soci\u00e9t\u00e9 enregistr\u00e9e \u00e0 but non lucratif, et non une organisation caritative, et qu&rsquo;aucun re\u00e7u fiscal ne sera donc d\u00e9livr\u00e9.<\/p>\n","protected":false},"excerpt":{"rendered":"<p>Collaborez avec nous pour d\u00e9fendre la libert\u00e9 de la presse Dans le monde d&rsquo;aujourd&rsquo;hui, la lutte pour la libert\u00e9 de la presse n&rsquo;a jamais \u00e9t\u00e9 aussi urgente. Libert\u00e9 de la presse Canada est \u00e0 l&rsquo;avant-garde de cette bataille, d\u00e9fendant la libert\u00e9 de la presse et les droits des journalistes et des travailleurs des m\u00e9dias, qui [&hellip;]<\/p>\n","protected":false},"author":1,"featured_media":19320,"parent":0,"menu_order":0,"comment_status":"closed","ping_status":"closed","template":"","meta":{"_acf_changed":false,"_price":"","_stock":"","_tribe_ticket_header":"","_tribe_default_ticket_provider":"","_tribe_ticket_capacity":"0","_ticket_start_date":"","_ticket_end_date":"","_tribe_ticket_show_description":"","_tribe_ticket_show_not_going":false,"_tribe_ticket_use_global_stock":"","_tribe_ticket_global_stock_level":"","_global_stock_mode":"","_global_stock_cap":"","_tribe_rsvp_for_event":"","_tribe_ticket_going_count":"","_tribe_ticket_not_going_count":"","_tribe_tickets_list":"[]","_tribe_ticket_has_attendee_info_fields":false,"footnotes":"","_tec_slr_enabled":"","_tec_slr_layout":""},"class_list":["post-19818","page","type-page","status-publish","has-post-thumbnail","hentry"],"acf":[],"yoast_head":"<!-- This site is optimized with the Yoast SEO plugin v27.4 - https:\/\/yoast.com\/product\/yoast-seo-wordpress\/ -->\n<title>Soutenez-nous - World Press Freedom Canada<\/title>\n<meta name=\"robots\" content=\"index, follow, max-snippet:-1, max-image-preview:large, max-video-preview:-1\" \/>\n<link rel=\"canonical\" href=\"https:\/\/worldpressfreedomcanada.ca\/fr\/soutenez-nous\/\" \/>\n<meta property=\"og:locale\" content=\"fr_FR\" \/>\n<meta property=\"og:type\" content=\"article\" \/>\n<meta property=\"og:title\" content=\"Soutenez-nous - World Press Freedom Canada\" \/>\n<meta property=\"og:description\" content=\"Collaborez avec nous pour d\u00e9fendre la libert\u00e9 de la presse Dans le monde d&rsquo;aujourd&rsquo;hui, la lutte pour la libert\u00e9 de la presse n&rsquo;a jamais \u00e9t\u00e9 aussi urgente. Libert\u00e9 de la presse Canada est \u00e0 l&rsquo;avant-garde de cette bataille, d\u00e9fendant la libert\u00e9 de la presse et les droits des journalistes et des travailleurs des m\u00e9dias, qui [&hellip;]\" \/>\n<meta property=\"og:url\" content=\"https:\/\/worldpressfreedomcanada.ca\/fr\/soutenez-nous\/\" \/>\n<meta property=\"og:site_name\" content=\"World Press Freedom Canada\" \/>\n<meta property=\"article:modified_time\" content=\"2025-02-24T21:58:30+00:00\" \/>\n<meta property=\"og:image\" content=\"https:\/\/worldpressfreedomcanada.ca\/wp-content\/uploads\/2025\/01\/support-us.jpg\" \/>\n\t<meta property=\"og:image:width\" content=\"1550\" \/>\n\t<meta property=\"og:image:height\" content=\"690\" \/>\n\t<meta property=\"og:image:type\" content=\"image\/jpeg\" \/>\n<meta name=\"twitter:card\" content=\"summary_large_image\" \/>\n<meta name=\"twitter:label1\" content=\"Dur\u00e9e de lecture estim\u00e9e\" \/>\n\t<meta name=\"twitter:data1\" content=\"3 minutes\" \/>\n<script type=\"application\/ld+json\" class=\"yoast-schema-graph\">{\"@context\":\"https:\\\/\\\/schema.org\",\"@graph\":[{\"@type\":\"WebPage\",\"@id\":\"https:\\\/\\\/worldpressfreedomcanada.ca\\\/fr\\\/soutenez-nous\\\/\",\"url\":\"https:\\\/\\\/worldpressfreedomcanada.ca\\\/fr\\\/soutenez-nous\\\/\",\"name\":\"Soutenez-nous - World Press Freedom Canada\",\"isPartOf\":{\"@id\":\"https:\\\/\\\/worldpressfreedomcanada.ca\\\/fr\\\/#website\"},\"primaryImageOfPage\":{\"@id\":\"https:\\\/\\\/worldpressfreedomcanada.ca\\\/fr\\\/soutenez-nous\\\/#primaryimage\"},\"image\":{\"@id\":\"https:\\\/\\\/worldpressfreedomcanada.ca\\\/fr\\\/soutenez-nous\\\/#primaryimage\"},\"thumbnailUrl\":\"https:\\\/\\\/worldpressfreedomcanada.ca\\\/wp-content\\\/uploads\\\/2025\\\/01\\\/support-us.jpg\",\"datePublished\":\"2025-01-22T04:06:27+00:00\",\"dateModified\":\"2025-02-24T21:58:30+00:00\",\"breadcrumb\":{\"@id\":\"https:\\\/\\\/worldpressfreedomcanada.ca\\\/fr\\\/soutenez-nous\\\/#breadcrumb\"},\"inLanguage\":\"fr-FR\",\"potentialAction\":[{\"@type\":\"ReadAction\",\"target\":[\"https:\\\/\\\/worldpressfreedomcanada.ca\\\/fr\\\/soutenez-nous\\\/\"]}]},{\"@type\":\"ImageObject\",\"inLanguage\":\"fr-FR\",\"@id\":\"https:\\\/\\\/worldpressfreedomcanada.ca\\\/fr\\\/soutenez-nous\\\/#primaryimage\",\"url\":\"https:\\\/\\\/worldpressfreedomcanada.ca\\\/wp-content\\\/uploads\\\/2025\\\/01\\\/support-us.jpg\",\"contentUrl\":\"https:\\\/\\\/worldpressfreedomcanada.ca\\\/wp-content\\\/uploads\\\/2025\\\/01\\\/support-us.jpg\",\"width\":1550,\"height\":690},{\"@type\":\"BreadcrumbList\",\"@id\":\"https:\\\/\\\/worldpressfreedomcanada.ca\\\/fr\\\/soutenez-nous\\\/#breadcrumb\",\"itemListElement\":[{\"@type\":\"ListItem\",\"position\":1,\"name\":\"Home\",\"item\":\"https:\\\/\\\/worldpressfreedomcanada.ca\\\/fr\\\/\"},{\"@type\":\"ListItem\",\"position\":2,\"name\":\"Soutenez-nous\"}]},{\"@type\":\"WebSite\",\"@id\":\"https:\\\/\\\/worldpressfreedomcanada.ca\\\/fr\\\/#website\",\"url\":\"https:\\\/\\\/worldpressfreedomcanada.ca\\\/fr\\\/\",\"name\":\"World Press Freedom Canada\",\"description\":\"Championing press freedom, defending democracy\",\"potentialAction\":[{\"@type\":\"SearchAction\",\"target\":{\"@type\":\"EntryPoint\",\"urlTemplate\":\"https:\\\/\\\/worldpressfreedomcanada.ca\\\/fr\\\/?s={search_term_string}\"},\"query-input\":{\"@type\":\"PropertyValueSpecification\",\"valueRequired\":true,\"valueName\":\"search_term_string\"}}],\"inLanguage\":\"fr-FR\"}]}<\/script>\n<!-- \/ Yoast SEO plugin. -->","yoast_head_json":{"title":"Soutenez-nous - World Press Freedom Canada","robots":{"index":"index","follow":"follow","max-snippet":"max-snippet:-1","max-image-preview":"max-image-preview:large","max-video-preview":"max-video-preview:-1"},"canonical":"https:\/\/worldpressfreedomcanada.ca\/fr\/soutenez-nous\/","og_locale":"fr_FR","og_type":"article","og_title":"Soutenez-nous - World Press Freedom Canada","og_description":"Collaborez avec nous pour d\u00e9fendre la libert\u00e9 de la presse Dans le monde d&rsquo;aujourd&rsquo;hui, la lutte pour la libert\u00e9 de la presse n&rsquo;a jamais \u00e9t\u00e9 aussi urgente. Libert\u00e9 de la presse Canada est \u00e0 l&rsquo;avant-garde de cette bataille, d\u00e9fendant la libert\u00e9 de la presse et les droits des journalistes et des travailleurs des m\u00e9dias, qui [&hellip;]","og_url":"https:\/\/worldpressfreedomcanada.ca\/fr\/soutenez-nous\/","og_site_name":"World Press Freedom Canada","article_modified_time":"2025-02-24T21:58:30+00:00","og_image":[{"width":1550,"height":690,"url":"https:\/\/worldpressfreedomcanada.ca\/wp-content\/uploads\/2025\/01\/support-us.jpg","type":"image\/jpeg"}],"twitter_card":"summary_large_image","twitter_misc":{"Dur\u00e9e de lecture estim\u00e9e":"3 minutes"},"schema":{"@context":"https:\/\/schema.org","@graph":[{"@type":"WebPage","@id":"https:\/\/worldpressfreedomcanada.ca\/fr\/soutenez-nous\/","url":"https:\/\/worldpressfreedomcanada.ca\/fr\/soutenez-nous\/","name":"Soutenez-nous - World Press Freedom Canada","isPartOf":{"@id":"https:\/\/worldpressfreedomcanada.ca\/fr\/#website"},"primaryImageOfPage":{"@id":"https:\/\/worldpressfreedomcanada.ca\/fr\/soutenez-nous\/#primaryimage"},"image":{"@id":"https:\/\/worldpressfreedomcanada.ca\/fr\/soutenez-nous\/#primaryimage"},"thumbnailUrl":"https:\/\/worldpressfreedomcanada.ca\/wp-content\/uploads\/2025\/01\/support-us.jpg","datePublished":"2025-01-22T04:06:27+00:00","dateModified":"2025-02-24T21:58:30+00:00","breadcrumb":{"@id":"https:\/\/worldpressfreedomcanada.ca\/fr\/soutenez-nous\/#breadcrumb"},"inLanguage":"fr-FR","potentialAction":[{"@type":"ReadAction","target":["https:\/\/worldpressfreedomcanada.ca\/fr\/soutenez-nous\/"]}]},{"@type":"ImageObject","inLanguage":"fr-FR","@id":"https:\/\/worldpressfreedomcanada.ca\/fr\/soutenez-nous\/#primaryimage","url":"https:\/\/worldpressfreedomcanada.ca\/wp-content\/uploads\/2025\/01\/support-us.jpg","contentUrl":"https:\/\/worldpressfreedomcanada.ca\/wp-content\/uploads\/2025\/01\/support-us.jpg","width":1550,"height":690},{"@type":"BreadcrumbList","@id":"https:\/\/worldpressfreedomcanada.ca\/fr\/soutenez-nous\/#breadcrumb","itemListElement":[{"@type":"ListItem","position":1,"name":"Home","item":"https:\/\/worldpressfreedomcanada.ca\/fr\/"},{"@type":"ListItem","position":2,"name":"Soutenez-nous"}]},{"@type":"WebSite","@id":"https:\/\/worldpressfreedomcanada.ca\/fr\/#website","url":"https:\/\/worldpressfreedomcanada.ca\/fr\/","name":"World Press Freedom Canada","description":"Championing press freedom, defending democracy","potentialAction":[{"@type":"SearchAction","target":{"@type":"EntryPoint","urlTemplate":"https:\/\/worldpressfreedomcanada.ca\/fr\/?s={search_term_string}"},"query-input":{"@type":"PropertyValueSpecification","valueRequired":true,"valueName":"search_term_string"}}],"inLanguage":"fr-FR"}]}},"ticketed":false,"_links":{"self":[{"href":"https:\/\/worldpressfreedomcanada.ca\/fr\/wp-json\/wp\/v2\/pages\/19818","targetHints":{"allow":["GET"]}}],"collection":[{"href":"https:\/\/worldpressfreedomcanada.ca\/fr\/wp-json\/wp\/v2\/pages"}],"about":[{"href":"https:\/\/worldpressfreedomcanada.ca\/fr\/wp-json\/wp\/v2\/types\/page"}],"author":[{"embeddable":true,"href":"https:\/\/worldpressfreedomcanada.ca\/fr\/wp-json\/wp\/v2\/users\/1"}],"replies":[{"embeddable":true,"href":"https:\/\/worldpressfreedomcanada.ca\/fr\/wp-json\/wp\/v2\/comments?post=19818"}],"version-history":[{"count":6,"href":"https:\/\/worldpressfreedomcanada.ca\/fr\/wp-json\/wp\/v2\/pages\/19818\/revisions"}],"predecessor-version":[{"id":20161,"href":"https:\/\/worldpressfreedomcanada.ca\/fr\/wp-json\/wp\/v2\/pages\/19818\/revisions\/20161"}],"wp:featuredmedia":[{"embeddable":true,"href":"https:\/\/worldpressfreedomcanada.ca\/fr\/wp-json\/wp\/v2\/media\/19320"}],"wp:attachment":[{"href":"https:\/\/worldpressfreedomcanada.ca\/fr\/wp-json\/wp\/v2\/media?parent=19818"}],"curies":[{"name":"wp","href":"https:\/\/api.w.org\/{rel}","templated":true}]}}