{"id":19820,"date":"2025-01-31T00:33:57","date_gmt":"2025-01-31T00:33:57","guid":{"rendered":"https:\/\/worldpressfreedomcanada.ca\/?page_id=19820"},"modified":"2026-04-09T13:40:29","modified_gmt":"2026-04-09T13:40:29","slug":"dessin-editorial","status":"publish","type":"page","link":"https:\/\/worldpressfreedomcanada.ca\/fr\/prix\/dessin-editorial\/","title":{"rendered":"Dessin \u00e9ditorial"},"content":{"rendered":"\n<h2 class=\"wp-block-heading\"><strong>Prix international du concours de caricature \u00e9ditoriale<\/strong><\/h2>\n\n\n\n<hr class=\"wp-block-separator has-alpha-channel-opacity\"\/>\n\n\n\n<p>Un moment fort du d\u00e9jeuner de la Journ\u00e9e mondiale de la libert\u00e9 de la presse est la reconnaissance des caricaturistes \u00e9ditoriaux du monde entier qui utilisent images et mots pour faire des commentaires percutants sur les enjeux mondiaux. Les caricatures \u00e9ditoriales constituent une forme essentielle d\u2019expression journalistique, employant la satire, l\u2019humour et le symbolisme pour susciter la r\u00e9flexion, d\u00e9fier l\u2019autorit\u00e9 et d\u00e9noncer les injustices. Ces commentaires visuels condensent des probl\u00e9matiques politiques et sociales complexes en images saisissantes, les rendant accessibles \u00e0 un large public tout en encourageant des d\u00e9bats cruciaux. <\/p>\n\n\n\n<p>Dans de nombreuses r\u00e9gions du monde, les caricaturistes \u00e9ditoriaux font face \u00e0 des risques consid\u00e9rables, allant de la censure au harc\u00e8lement, voire \u00e0 l\u2019emprisonnement, en raison de leur travail. Leurs illustrations audacieuses critiquent les gouvernements, exposent la corruption et amplifient la voix des populations marginalis\u00e9es, faisant d\u2019eux des acteurs cl\u00e9s de la d\u00e9fense de la libert\u00e9 de la presse. En les mettant \u00e0 l\u2019honneur, le d\u00e9jeuner de la Journ\u00e9e mondiale de la libert\u00e9 de la presse souligne le r\u00f4le essentiel qu\u2019ils jouent dans la pr\u00e9servation des valeurs d\u00e9mocratiques et dans la responsabilisation des pouvoirs en place.<\/p>\n\n\n\n<p>Cette c\u00e9l\u00e9bration rappelle \u00e9galement le combat plus large pour la libert\u00e9 de la presse et les dangers auxquels sont confront\u00e9s les journalistes et les professionnels des m\u00e9dias dans leur qu\u00eate de v\u00e9rit\u00e9. Les caricatures \u00e9ditoriales ne sont pas seulement des expressions artistiques ; elles sont de puissants outils de r\u00e9sistance, remettant en question les r\u00e9cits oppressifs et garantissant que la libert\u00e9 d\u2019expression demeure un pilier fondamental d\u2019une soci\u00e9t\u00e9 libre et ouverte.<\/p>\n\n\n\n<p class=\"has-text-align-center has-background\" style=\"background-color:#a1c8b4\"><strong>Le concours international de dessins \u00e9ditoriaux 2026 est ferm<strong>\u00e9<\/strong>!<\/strong><\/p>\n\n\n\n<div style=\"height:40px\" aria-hidden=\"true\" class=\"wp-block-spacer\"><\/div>\n\n\n\n<h3 class=\"wp-block-heading\">Le dessinateur belge Constantin Sunnerberg (Cost) remporte le concours international de caricatures \u00e9ditoriales 2025<\/h3>\n\n\n\n<p>Le th\u00e8me du 25e concours international de caricatures \u00e9ditoriales \u00e9tait \u00ab C&rsquo;est le monde de Trump \u00bb. Lors de la premi\u00e8re investiture de Trump, il \u00e9tait facile d&rsquo;\u00e9carter les \u00ab faits alternatifs \u00bb concernant le nombre de personnes pr\u00e9sentes. Aujourd&rsquo;hui, avec les grands patrons am\u00e9ricains de la technologie qui se prosternent \u00e0 ses pieds, les \u00ab faits alternatifs \u00bb pourraient bien devenir les seuls que nous connaissions, Facebook supprimant la v\u00e9rification des faits au nom de la libert\u00e9 d&rsquo;expression et Twitter r\u00e9activant le compte de Trump, rendant ainsi de plus en plus difficile de discerner la v\u00e9rit\u00e9. Les m\u00e9dias refusent de soutenir les candidats de l&rsquo;opposition en invoquant la neutralit\u00e9 politique et vivent sous la menace de poursuites judiciaires co\u00fbteuses. Il y avait peut-\u00eatre des adultes dans la pi\u00e8ce pendant le premier mandat de Trump, mais son entourage actuel semble satisfaire tous ses caprices.<\/p>\n\n\n\n<p><strong>Constantin Sunnerberg (Cost)<\/strong> est n\u00e9 \u00e0 Moscou. Il vit et travaille aujourd&rsquo;hui \u00e0 Bruxelles et a \u00e9t\u00e9 publi\u00e9 dans de nombreux journaux nationaux et internationaux tels que Le Soir, Courrier international, Espace de Libert\u00e9s, Journal du Mardi, Le Vif-L&rsquo;express, entre autres. Cost a remport\u00e9 huit prix pour ses caricatures \u00e9ditoriales (4 World Press Cartoon et 4 Press Cartoon Belgium). Il a \u00e9galement re\u00e7u, en six ans, une cinquantaine de prix internationaux de caricature dans 19 pays diff\u00e9rents.<\/p>\n\n\n\n<p>Le laur\u00e9at du deuxi\u00e8me prix, <strong>Dimitrios Georgopalis<\/strong>, est n\u00e9 \u00e0 Corfou, en Gr\u00e8ce. Il est membre du Syndicat des journalistes et de l&rsquo;Association grecque des dessinateurs. Il a particip\u00e9 \u00e0 de nombreuses expositions de dessins humoristiques en Gr\u00e8ce et \u00e0 l&rsquo;\u00e9tranger. En d\u00e9cembre 2024, il s&rsquo;est rendu au Mexique en tant qu&rsquo;invit\u00e9 de l&rsquo;\u00c9cole des arts, de l&rsquo;architecture et du design de l&rsquo;Universit\u00e9 de Guadalajara, o\u00f9 il a re\u00e7u un prix. Il travaille actuellement comme dessinateur \u00e9ditorial et illustrateur pour l&rsquo;hebdomadaire Realnews.<\/p>\n\n\n\n<p>Le laur\u00e9at du troisi\u00e8me prix, <strong>Hicabi Demirci<\/strong>, est n\u00e9 \u00e0 Samsun, en Turquie. Il est dipl\u00f4m\u00e9 de la Facult\u00e9 des sciences de l&rsquo;Universit\u00e9 d&rsquo;Ankara. Il a fait partie du studio d&rsquo;animation qu&rsquo;il avait rejoint pendant ses ann\u00e9es universitaires. Ses \u0153uvres comprennent des couvertures de livres, de magazines et de journaux. Il a re\u00e7u des prix dans divers concours nationaux et internationaux de bande dessin\u00e9e.<\/p>\n\n\n\n<figure class=\"wp-block-gallery has-nested-images columns-default wp-block-gallery-1 is-layout-flex wp-block-gallery-is-layout-flex\">\n<figure class=\"wp-block-image size-large\"><img loading=\"lazy\" decoding=\"async\" width=\"928\" height=\"1024\" data-id=\"20823\" src=\"https:\/\/worldpressfreedomcanada.ca\/wp-content\/uploads\/2025\/06\/1-Cost-BEL-2-928x1024.jpg\" alt=\"\" class=\"wp-image-20823\" srcset=\"https:\/\/worldpressfreedomcanada.ca\/wp-content\/uploads\/2025\/06\/1-Cost-BEL-2-928x1024.jpg 928w, https:\/\/worldpressfreedomcanada.ca\/wp-content\/uploads\/2025\/06\/1-Cost-BEL-2-272x300.jpg 272w, https:\/\/worldpressfreedomcanada.ca\/wp-content\/uploads\/2025\/06\/1-Cost-BEL-2-768x847.jpg 768w, https:\/\/worldpressfreedomcanada.ca\/wp-content\/uploads\/2025\/06\/1-Cost-BEL-2-1392x1536.jpg 1392w, https:\/\/worldpressfreedomcanada.ca\/wp-content\/uploads\/2025\/06\/1-Cost-BEL-2-1856x2048.jpg 1856w\" sizes=\"auto, (max-width: 928px) 100vw, 928px\" \/><figcaption class=\"wp-element-caption\">Laur\u00e9at du Concours international de caricatures \u00e9ditoriales, Constantin<br>Sunnerberg (Cost)<\/figcaption><\/figure>\n\n\n\n<figure class=\"wp-block-image size-large\"><img loading=\"lazy\" decoding=\"async\" width=\"1024\" height=\"724\" data-id=\"20819\" src=\"https:\/\/worldpressfreedomcanada.ca\/wp-content\/uploads\/2025\/06\/2-Dimitrios-Georgopalis-GRE-2-1024x724.jpg\" alt=\"\" class=\"wp-image-20819\" srcset=\"https:\/\/worldpressfreedomcanada.ca\/wp-content\/uploads\/2025\/06\/2-Dimitrios-Georgopalis-GRE-2-1024x724.jpg 1024w, https:\/\/worldpressfreedomcanada.ca\/wp-content\/uploads\/2025\/06\/2-Dimitrios-Georgopalis-GRE-2-300x212.jpg 300w, https:\/\/worldpressfreedomcanada.ca\/wp-content\/uploads\/2025\/06\/2-Dimitrios-Georgopalis-GRE-2-768x543.jpg 768w, https:\/\/worldpressfreedomcanada.ca\/wp-content\/uploads\/2025\/06\/2-Dimitrios-Georgopalis-GRE-2-1536x1086.jpg 1536w, https:\/\/worldpressfreedomcanada.ca\/wp-content\/uploads\/2025\/06\/2-Dimitrios-Georgopalis-GRE-2-2048x1448.jpg 2048w\" sizes=\"auto, (max-width: 1024px) 100vw, 1024px\" \/><figcaption class=\"wp-element-caption\">2e place, Dimitrios Georgopalis, Gr\u00e8ce<\/figcaption><\/figure>\n\n\n\n<figure class=\"wp-block-image size-large\"><img loading=\"lazy\" decoding=\"async\" width=\"710\" height=\"1024\" data-id=\"20827\" src=\"https:\/\/worldpressfreedomcanada.ca\/wp-content\/uploads\/2025\/06\/3-Hicabi-Demirci-TUR-2-710x1024.jpg\" alt=\"\" class=\"wp-image-20827\" srcset=\"https:\/\/worldpressfreedomcanada.ca\/wp-content\/uploads\/2025\/06\/3-Hicabi-Demirci-TUR-2-710x1024.jpg 710w, https:\/\/worldpressfreedomcanada.ca\/wp-content\/uploads\/2025\/06\/3-Hicabi-Demirci-TUR-2-208x300.jpg 208w, https:\/\/worldpressfreedomcanada.ca\/wp-content\/uploads\/2025\/06\/3-Hicabi-Demirci-TUR-2-768x1107.jpg 768w, https:\/\/worldpressfreedomcanada.ca\/wp-content\/uploads\/2025\/06\/3-Hicabi-Demirci-TUR-2-1066x1536.jpg 1066w, https:\/\/worldpressfreedomcanada.ca\/wp-content\/uploads\/2025\/06\/3-Hicabi-Demirci-TUR-2-1421x2048.jpg 1421w, https:\/\/worldpressfreedomcanada.ca\/wp-content\/uploads\/2025\/06\/3-Hicabi-Demirci-TUR-2-scaled.jpg 1776w\" sizes=\"auto, (max-width: 710px) 100vw, 710px\" \/><figcaption class=\"wp-element-caption\">3e place : Hicabi Demirci, Gr\u00e8ce<\/figcaption><\/figure>\n<\/figure>\n\n\n\n<div style=\"height:50px\" aria-hidden=\"true\" class=\"wp-block-spacer\"><\/div>\n\n\n\n<h3 class=\"wp-block-heading\">Finalistes 2025<\/h3>\n\n\n\n<figure class=\"wp-block-gallery has-nested-images columns-default wp-block-gallery-2 is-layout-flex wp-block-gallery-is-layout-flex\">\n<figure class=\"wp-block-image size-large\"><img loading=\"lazy\" decoding=\"async\" width=\"1024\" height=\"658\" data-id=\"20806\" src=\"https:\/\/worldpressfreedomcanada.ca\/wp-content\/uploads\/2025\/06\/4-Adene-ESP-1024x658.jpg\" alt=\"\" class=\"wp-image-20806\" srcset=\"https:\/\/worldpressfreedomcanada.ca\/wp-content\/uploads\/2025\/06\/4-Adene-ESP-1024x658.jpg 1024w, https:\/\/worldpressfreedomcanada.ca\/wp-content\/uploads\/2025\/06\/4-Adene-ESP-300x193.jpg 300w, https:\/\/worldpressfreedomcanada.ca\/wp-content\/uploads\/2025\/06\/4-Adene-ESP-768x494.jpg 768w, https:\/\/worldpressfreedomcanada.ca\/wp-content\/uploads\/2025\/06\/4-Adene-ESP-1536x987.jpg 1536w, https:\/\/worldpressfreedomcanada.ca\/wp-content\/uploads\/2025\/06\/4-Adene-ESP-2048x1316.jpg 2048w\" sizes=\"auto, (max-width: 1024px) 100vw, 1024px\" \/><\/figure>\n\n\n\n<figure class=\"wp-block-image size-large\"><img loading=\"lazy\" decoding=\"async\" width=\"844\" height=\"1024\" data-id=\"20794\" src=\"https:\/\/worldpressfreedomcanada.ca\/wp-content\/uploads\/2025\/06\/4-Asier-ESP-844x1024.jpg\" alt=\"\" class=\"wp-image-20794\" srcset=\"https:\/\/worldpressfreedomcanada.ca\/wp-content\/uploads\/2025\/06\/4-Asier-ESP-844x1024.jpg 844w, https:\/\/worldpressfreedomcanada.ca\/wp-content\/uploads\/2025\/06\/4-Asier-ESP-247x300.jpg 247w, https:\/\/worldpressfreedomcanada.ca\/wp-content\/uploads\/2025\/06\/4-Asier-ESP-768x931.jpg 768w, https:\/\/worldpressfreedomcanada.ca\/wp-content\/uploads\/2025\/06\/4-Asier-ESP-1267x1536.jpg 1267w, https:\/\/worldpressfreedomcanada.ca\/wp-content\/uploads\/2025\/06\/4-Asier-ESP-1689x2048.jpg 1689w\" sizes=\"auto, (max-width: 844px) 100vw, 844px\" \/><\/figure>\n\n\n\n<figure class=\"wp-block-image size-large\"><img loading=\"lazy\" decoding=\"async\" width=\"1024\" height=\"724\" data-id=\"20800\" src=\"https:\/\/worldpressfreedomcanada.ca\/wp-content\/uploads\/2025\/06\/4-Lectrr-BEL-1024x724.jpg\" alt=\"\" class=\"wp-image-20800\" srcset=\"https:\/\/worldpressfreedomcanada.ca\/wp-content\/uploads\/2025\/06\/4-Lectrr-BEL-1024x724.jpg 1024w, https:\/\/worldpressfreedomcanada.ca\/wp-content\/uploads\/2025\/06\/4-Lectrr-BEL-300x212.jpg 300w, https:\/\/worldpressfreedomcanada.ca\/wp-content\/uploads\/2025\/06\/4-Lectrr-BEL-768x543.jpg 768w, https:\/\/worldpressfreedomcanada.ca\/wp-content\/uploads\/2025\/06\/4-Lectrr-BEL-1536x1086.jpg 1536w, https:\/\/worldpressfreedomcanada.ca\/wp-content\/uploads\/2025\/06\/4-Lectrr-BEL-2048x1448.jpg 2048w\" sizes=\"auto, (max-width: 1024px) 100vw, 1024px\" \/><\/figure>\n\n\n\n<figure class=\"wp-block-image size-large\"><img loading=\"lazy\" decoding=\"async\" width=\"1024\" height=\"764\" data-id=\"20796\" src=\"https:\/\/worldpressfreedomcanada.ca\/wp-content\/uploads\/2025\/06\/4-Bonil-ECU-1024x764.jpg\" alt=\"\" class=\"wp-image-20796\" srcset=\"https:\/\/worldpressfreedomcanada.ca\/wp-content\/uploads\/2025\/06\/4-Bonil-ECU-1024x764.jpg 1024w, https:\/\/worldpressfreedomcanada.ca\/wp-content\/uploads\/2025\/06\/4-Bonil-ECU-300x224.jpg 300w, https:\/\/worldpressfreedomcanada.ca\/wp-content\/uploads\/2025\/06\/4-Bonil-ECU-768x573.jpg 768w, https:\/\/worldpressfreedomcanada.ca\/wp-content\/uploads\/2025\/06\/4-Bonil-ECU-1536x1146.jpg 1536w, https:\/\/worldpressfreedomcanada.ca\/wp-content\/uploads\/2025\/06\/4-Bonil-ECU-2048x1528.jpg 2048w\" sizes=\"auto, (max-width: 1024px) 100vw, 1024px\" \/><\/figure>\n\n\n\n<figure class=\"wp-block-image size-large\"><img loading=\"lazy\" decoding=\"async\" width=\"724\" height=\"1024\" data-id=\"20808\" src=\"https:\/\/worldpressfreedomcanada.ca\/wp-content\/uploads\/2025\/06\/4-Alireza-Pakdel-CDN-724x1024.jpg\" alt=\"\" class=\"wp-image-20808\" srcset=\"https:\/\/worldpressfreedomcanada.ca\/wp-content\/uploads\/2025\/06\/4-Alireza-Pakdel-CDN-724x1024.jpg 724w, https:\/\/worldpressfreedomcanada.ca\/wp-content\/uploads\/2025\/06\/4-Alireza-Pakdel-CDN-212x300.jpg 212w, https:\/\/worldpressfreedomcanada.ca\/wp-content\/uploads\/2025\/06\/4-Alireza-Pakdel-CDN-768x1086.jpg 768w, https:\/\/worldpressfreedomcanada.ca\/wp-content\/uploads\/2025\/06\/4-Alireza-Pakdel-CDN-1086x1536.jpg 1086w, https:\/\/worldpressfreedomcanada.ca\/wp-content\/uploads\/2025\/06\/4-Alireza-Pakdel-CDN-1448x2048.jpg 1448w, https:\/\/worldpressfreedomcanada.ca\/wp-content\/uploads\/2025\/06\/4-Alireza-Pakdel-CDN-scaled.jpg 1810w\" sizes=\"auto, (max-width: 724px) 100vw, 724px\" \/><\/figure>\n\n\n\n<figure class=\"wp-block-image size-large\"><img loading=\"lazy\" decoding=\"async\" width=\"744\" height=\"1024\" data-id=\"20798\" src=\"https:\/\/worldpressfreedomcanada.ca\/wp-content\/uploads\/2025\/06\/4-Belom-FR-744x1024.jpeg\" alt=\"\" class=\"wp-image-20798\" srcset=\"https:\/\/worldpressfreedomcanada.ca\/wp-content\/uploads\/2025\/06\/4-Belom-FR-744x1024.jpeg 744w, https:\/\/worldpressfreedomcanada.ca\/wp-content\/uploads\/2025\/06\/4-Belom-FR-218x300.jpeg 218w, https:\/\/worldpressfreedomcanada.ca\/wp-content\/uploads\/2025\/06\/4-Belom-FR-768x1057.jpeg 768w, https:\/\/worldpressfreedomcanada.ca\/wp-content\/uploads\/2025\/06\/4-Belom-FR-1117x1536.jpeg 1117w, https:\/\/worldpressfreedomcanada.ca\/wp-content\/uploads\/2025\/06\/4-Belom-FR-1489x2048.jpeg 1489w, https:\/\/worldpressfreedomcanada.ca\/wp-content\/uploads\/2025\/06\/4-Belom-FR-scaled.jpeg 1861w\" sizes=\"auto, (max-width: 744px) 100vw, 744px\" \/><\/figure>\n\n\n\n<figure class=\"wp-block-image size-large\"><img loading=\"lazy\" decoding=\"async\" width=\"1024\" height=\"745\" data-id=\"20804\" src=\"https:\/\/worldpressfreedomcanada.ca\/wp-content\/uploads\/2025\/06\/4-Niels-Bo-Bojesen-DEN-1024x745.jpg\" alt=\"\" class=\"wp-image-20804\" srcset=\"https:\/\/worldpressfreedomcanada.ca\/wp-content\/uploads\/2025\/06\/4-Niels-Bo-Bojesen-DEN-1024x745.jpg 1024w, https:\/\/worldpressfreedomcanada.ca\/wp-content\/uploads\/2025\/06\/4-Niels-Bo-Bojesen-DEN-300x218.jpg 300w, https:\/\/worldpressfreedomcanada.ca\/wp-content\/uploads\/2025\/06\/4-Niels-Bo-Bojesen-DEN-768x559.jpg 768w, https:\/\/worldpressfreedomcanada.ca\/wp-content\/uploads\/2025\/06\/4-Niels-Bo-Bojesen-DEN-1536x1118.jpg 1536w, https:\/\/worldpressfreedomcanada.ca\/wp-content\/uploads\/2025\/06\/4-Niels-Bo-Bojesen-DEN-2048x1491.jpg 2048w\" sizes=\"auto, (max-width: 1024px) 100vw, 1024px\" \/><figcaption class=\"wp-element-caption\">Lights out.<\/figcaption><\/figure>\n\n\n\n<figure class=\"wp-block-image size-large\"><img loading=\"lazy\" decoding=\"async\" width=\"1024\" height=\"776\" data-id=\"20792\" src=\"https:\/\/worldpressfreedomcanada.ca\/wp-content\/uploads\/2025\/06\/4-STeve-Sack-USA-1024x776.jpg\" alt=\"\" class=\"wp-image-20792\" srcset=\"https:\/\/worldpressfreedomcanada.ca\/wp-content\/uploads\/2025\/06\/4-STeve-Sack-USA-1024x776.jpg 1024w, https:\/\/worldpressfreedomcanada.ca\/wp-content\/uploads\/2025\/06\/4-STeve-Sack-USA-300x227.jpg 300w, https:\/\/worldpressfreedomcanada.ca\/wp-content\/uploads\/2025\/06\/4-STeve-Sack-USA-768x582.jpg 768w, https:\/\/worldpressfreedomcanada.ca\/wp-content\/uploads\/2025\/06\/4-STeve-Sack-USA-1536x1164.jpg 1536w, https:\/\/worldpressfreedomcanada.ca\/wp-content\/uploads\/2025\/06\/4-STeve-Sack-USA-2048x1551.jpg 2048w\" sizes=\"auto, (max-width: 1024px) 100vw, 1024px\" \/><\/figure>\n\n\n\n<figure class=\"wp-block-image size-large\"><img loading=\"lazy\" decoding=\"async\" width=\"724\" height=\"1024\" data-id=\"20810\" src=\"https:\/\/worldpressfreedomcanada.ca\/wp-content\/uploads\/2025\/06\/4-Takjoo-IR-724x1024.jpg\" alt=\"\" class=\"wp-image-20810\" srcset=\"https:\/\/worldpressfreedomcanada.ca\/wp-content\/uploads\/2025\/06\/4-Takjoo-IR-724x1024.jpg 724w, https:\/\/worldpressfreedomcanada.ca\/wp-content\/uploads\/2025\/06\/4-Takjoo-IR-212x300.jpg 212w, https:\/\/worldpressfreedomcanada.ca\/wp-content\/uploads\/2025\/06\/4-Takjoo-IR-768x1086.jpg 768w, https:\/\/worldpressfreedomcanada.ca\/wp-content\/uploads\/2025\/06\/4-Takjoo-IR-1086x1536.jpg 1086w, https:\/\/worldpressfreedomcanada.ca\/wp-content\/uploads\/2025\/06\/4-Takjoo-IR-1448x2048.jpg 1448w, https:\/\/worldpressfreedomcanada.ca\/wp-content\/uploads\/2025\/06\/4-Takjoo-IR-scaled.jpg 1810w\" sizes=\"auto, (max-width: 724px) 100vw, 724px\" \/><\/figure>\n\n\n\n<figure class=\"wp-block-image size-large\"><img loading=\"lazy\" decoding=\"async\" width=\"1024\" height=\"725\" data-id=\"20802\" src=\"https:\/\/worldpressfreedomcanada.ca\/wp-content\/uploads\/2025\/06\/4-Arriaga-ESP-1024x725.jpg\" alt=\"\" class=\"wp-image-20802\" srcset=\"https:\/\/worldpressfreedomcanada.ca\/wp-content\/uploads\/2025\/06\/4-Arriaga-ESP-1024x725.jpg 1024w, https:\/\/worldpressfreedomcanada.ca\/wp-content\/uploads\/2025\/06\/4-Arriaga-ESP-300x212.jpg 300w, https:\/\/worldpressfreedomcanada.ca\/wp-content\/uploads\/2025\/06\/4-Arriaga-ESP-768x543.jpg 768w, https:\/\/worldpressfreedomcanada.ca\/wp-content\/uploads\/2025\/06\/4-Arriaga-ESP-1536x1087.jpg 1536w, https:\/\/worldpressfreedomcanada.ca\/wp-content\/uploads\/2025\/06\/4-Arriaga-ESP-2048x1449.jpg 2048w\" sizes=\"auto, (max-width: 1024px) 100vw, 1024px\" \/><\/figure>\n<\/figure>\n\n\n\n<div style=\"height:100px\" aria-hidden=\"true\" class=\"wp-block-spacer\"><\/div>\n\n\n\n<h3 class=\"wp-block-heading\">Le caricaturiste canadien, Bruce Mackinnon, gagne le Concours international de dessin \u00e9ditorial de 2024<\/h3>\n\n\n\n<p>Le caricaturiste canadien,&nbsp;<strong>Bruce MacKinnon<\/strong>, remporte le Concours international de dessin \u00e9ditorial, dont le th\u00e8me \u00e9tait \u00ab&nbsp;L\u2019intelligence artificielle&nbsp;: oui ou non?&nbsp;\u00bb.<\/p>\n\n\n\n<p>Le Br\u00e9silien,&nbsp;<strong>Dalcio Machado<\/strong>, se classe en deuxi\u00e8me position, et le Serbe,&nbsp;<strong>Jugoslav Vlahovic<\/strong>, en troisi\u00e8me.<\/p>\n\n\n\n<div style=\"height:50px\" aria-hidden=\"true\" class=\"wp-block-spacer\"><\/div>\n\n\n\n<figure class=\"wp-block-gallery has-nested-images columns-default wp-block-gallery-3 is-layout-flex wp-block-gallery-is-layout-flex\">\n<figure class=\"wp-block-image size-full\"><img loading=\"lazy\" decoding=\"async\" width=\"721\" height=\"612\" data-id=\"19691\" src=\"\/wp-content\/uploads\/2025\/02\/1-Bruce-MacKinnon-CDN-lr.jpg\" alt=\"\" class=\"wp-image-19691\" srcset=\"https:\/\/worldpressfreedomcanada.ca\/wp-content\/uploads\/2025\/02\/1-Bruce-MacKinnon-CDN-lr.jpg 721w, https:\/\/worldpressfreedomcanada.ca\/wp-content\/uploads\/2025\/02\/1-Bruce-MacKinnon-CDN-lr-300x255.jpg 300w\" sizes=\"auto, (max-width: 721px) 100vw, 721px\" \/><figcaption class=\"wp-element-caption\">First place &#8211; Bruce MacKinnon, Canada<\/figcaption><\/figure>\n\n\n\n<figure class=\"wp-block-image size-full\"><img loading=\"lazy\" decoding=\"async\" width=\"720\" height=\"856\" data-id=\"19689\" src=\"\/wp-content\/uploads\/2025\/02\/2-Dalcio-Machado-BRA-lr.jpg\" alt=\"\" class=\"wp-image-19689\" srcset=\"https:\/\/worldpressfreedomcanada.ca\/wp-content\/uploads\/2025\/02\/2-Dalcio-Machado-BRA-lr.jpg 720w, https:\/\/worldpressfreedomcanada.ca\/wp-content\/uploads\/2025\/02\/2-Dalcio-Machado-BRA-lr-252x300.jpg 252w\" sizes=\"auto, (max-width: 720px) 100vw, 720px\" \/><figcaption class=\"wp-element-caption\">Second place: Dalcio Machado &#8211; Brazil<\/figcaption><\/figure>\n\n\n\n<figure class=\"wp-block-image size-full\"><img loading=\"lazy\" decoding=\"async\" width=\"720\" height=\"758\" data-id=\"19687\" src=\"\/wp-content\/uploads\/2025\/02\/3-Jugoslav-Vlahovic-SER-lr.jpg\" alt=\"\" class=\"wp-image-19687\" srcset=\"https:\/\/worldpressfreedomcanada.ca\/wp-content\/uploads\/2025\/02\/3-Jugoslav-Vlahovic-SER-lr.jpg 720w, https:\/\/worldpressfreedomcanada.ca\/wp-content\/uploads\/2025\/02\/3-Jugoslav-Vlahovic-SER-lr-285x300.jpg 285w\" sizes=\"auto, (max-width: 720px) 100vw, 720px\" \/><figcaption class=\"wp-element-caption\">Third Place &#8211; Jugoslav Vlahovic, Serbia<\/figcaption><\/figure>\n<\/figure>\n\n\n\n<div style=\"height:50px\" aria-hidden=\"true\" class=\"wp-block-spacer\"><\/div>\n\n\n\n<h3 class=\"wp-block-heading\">Finalistes 2024<\/h3>\n\n\n\n<figure class=\"wp-block-gallery has-nested-images columns-default wp-block-gallery-4 is-layout-flex wp-block-gallery-is-layout-flex\">\n<figure class=\"wp-block-image size-full\"><img loading=\"lazy\" decoding=\"async\" width=\"720\" height=\"640\" data-id=\"19685\" src=\"\/wp-content\/uploads\/2025\/02\/4-Oguzhan-Ciftci-TUR-lr.jpg\" alt=\"\" class=\"wp-image-19685\" srcset=\"https:\/\/worldpressfreedomcanada.ca\/wp-content\/uploads\/2025\/02\/4-Oguzhan-Ciftci-TUR-lr.jpg 720w, https:\/\/worldpressfreedomcanada.ca\/wp-content\/uploads\/2025\/02\/4-Oguzhan-Ciftci-TUR-lr-300x267.jpg 300w\" sizes=\"auto, (max-width: 720px) 100vw, 720px\" \/><\/figure>\n\n\n\n<figure class=\"wp-block-image size-full\"><img loading=\"lazy\" decoding=\"async\" width=\"720\" height=\"524\" data-id=\"19683\" src=\"\/wp-content\/uploads\/2025\/02\/4-Niels-Bo-Bojesen-DEN-lr.jpg\" alt=\"\" class=\"wp-image-19683\" srcset=\"https:\/\/worldpressfreedomcanada.ca\/wp-content\/uploads\/2025\/02\/4-Niels-Bo-Bojesen-DEN-lr.jpg 720w, https:\/\/worldpressfreedomcanada.ca\/wp-content\/uploads\/2025\/02\/4-Niels-Bo-Bojesen-DEN-lr-300x218.jpg 300w\" sizes=\"auto, (max-width: 720px) 100vw, 720px\" \/><\/figure>\n\n\n\n<figure class=\"wp-block-image size-full\"><img loading=\"lazy\" decoding=\"async\" width=\"720\" height=\"909\" data-id=\"19681\" src=\"\/wp-content\/uploads\/2025\/02\/4-Marlene-Pohle-AR-lr.jpg\" alt=\"\" class=\"wp-image-19681\" srcset=\"https:\/\/worldpressfreedomcanada.ca\/wp-content\/uploads\/2025\/02\/4-Marlene-Pohle-AR-lr.jpg 720w, https:\/\/worldpressfreedomcanada.ca\/wp-content\/uploads\/2025\/02\/4-Marlene-Pohle-AR-lr-238x300.jpg 238w\" sizes=\"auto, (max-width: 720px) 100vw, 720px\" \/><\/figure>\n\n\n\n<figure class=\"wp-block-image size-full\"><img loading=\"lazy\" decoding=\"async\" width=\"690\" height=\"579\" data-id=\"19679\" src=\"\/wp-content\/uploads\/2025\/02\/4-Kak-FR-lr.jpg\" alt=\"\" class=\"wp-image-19679\" srcset=\"https:\/\/worldpressfreedomcanada.ca\/wp-content\/uploads\/2025\/02\/4-Kak-FR-lr.jpg 690w, https:\/\/worldpressfreedomcanada.ca\/wp-content\/uploads\/2025\/02\/4-Kak-FR-lr-300x252.jpg 300w\" sizes=\"auto, (max-width: 690px) 100vw, 690px\" \/><\/figure>\n\n\n\n<figure class=\"wp-block-image size-full\"><img loading=\"lazy\" decoding=\"async\" width=\"720\" height=\"932\" data-id=\"19677\" src=\"\/wp-content\/uploads\/2025\/02\/4-Jose-Daniel-Oviedo-Galeano-CO-lr.jpg\" alt=\"\" class=\"wp-image-19677\" srcset=\"https:\/\/worldpressfreedomcanada.ca\/wp-content\/uploads\/2025\/02\/4-Jose-Daniel-Oviedo-Galeano-CO-lr.jpg 720w, https:\/\/worldpressfreedomcanada.ca\/wp-content\/uploads\/2025\/02\/4-Jose-Daniel-Oviedo-Galeano-CO-lr-232x300.jpg 232w\" sizes=\"auto, (max-width: 720px) 100vw, 720px\" \/><\/figure>\n\n\n\n<figure class=\"wp-block-image size-full\"><img loading=\"lazy\" decoding=\"async\" width=\"720\" height=\"328\" data-id=\"19675\" src=\"\/wp-content\/uploads\/2025\/02\/4-Graeme-MacKay-CDN-lr.jpg\" alt=\"\" class=\"wp-image-19675\" srcset=\"https:\/\/worldpressfreedomcanada.ca\/wp-content\/uploads\/2025\/02\/4-Graeme-MacKay-CDN-lr.jpg 720w, https:\/\/worldpressfreedomcanada.ca\/wp-content\/uploads\/2025\/02\/4-Graeme-MacKay-CDN-lr-300x137.jpg 300w\" sizes=\"auto, (max-width: 720px) 100vw, 720px\" \/><\/figure>\n\n\n\n<figure class=\"wp-block-image size-full\"><img loading=\"lazy\" decoding=\"async\" width=\"720\" height=\"514\" data-id=\"19673\" src=\"\/wp-content\/uploads\/2025\/02\/4-Goran-Divac-SER-lr.jpg\" alt=\"\" class=\"wp-image-19673\" srcset=\"https:\/\/worldpressfreedomcanada.ca\/wp-content\/uploads\/2025\/02\/4-Goran-Divac-SER-lr.jpg 720w, https:\/\/worldpressfreedomcanada.ca\/wp-content\/uploads\/2025\/02\/4-Goran-Divac-SER-lr-300x214.jpg 300w\" sizes=\"auto, (max-width: 720px) 100vw, 720px\" \/><\/figure>\n\n\n\n<figure class=\"wp-block-image size-full\"><img loading=\"lazy\" decoding=\"async\" width=\"720\" height=\"509\" data-id=\"19671\" src=\"\/wp-content\/uploads\/2025\/02\/4-Davide-DAngelo-IT-lr.jpg\" alt=\"\" class=\"wp-image-19671\" srcset=\"https:\/\/worldpressfreedomcanada.ca\/wp-content\/uploads\/2025\/02\/4-Davide-DAngelo-IT-lr.jpg 720w, https:\/\/worldpressfreedomcanada.ca\/wp-content\/uploads\/2025\/02\/4-Davide-DAngelo-IT-lr-300x212.jpg 300w\" sizes=\"auto, (max-width: 720px) 100vw, 720px\" \/><\/figure>\n\n\n\n<figure class=\"wp-block-image size-full\"><img loading=\"lazy\" decoding=\"async\" width=\"720\" height=\"834\" data-id=\"19669\" src=\"\/wp-content\/uploads\/2025\/02\/4-Batti-Manfruelli-FR-lr.jpg\" alt=\"\" class=\"wp-image-19669\" srcset=\"https:\/\/worldpressfreedomcanada.ca\/wp-content\/uploads\/2025\/02\/4-Batti-Manfruelli-FR-lr.jpg 720w, https:\/\/worldpressfreedomcanada.ca\/wp-content\/uploads\/2025\/02\/4-Batti-Manfruelli-FR-lr-259x300.jpg 259w\" sizes=\"auto, (max-width: 720px) 100vw, 720px\" \/><\/figure>\n\n\n\n<figure class=\"wp-block-image size-full\"><img loading=\"lazy\" decoding=\"async\" width=\"720\" height=\"497\" data-id=\"19667\" src=\"\/wp-content\/uploads\/2025\/02\/4-Andres-Edery-ES-lr.jpg\" alt=\"\" class=\"wp-image-19667\" srcset=\"https:\/\/worldpressfreedomcanada.ca\/wp-content\/uploads\/2025\/02\/4-Andres-Edery-ES-lr.jpg 720w, https:\/\/worldpressfreedomcanada.ca\/wp-content\/uploads\/2025\/02\/4-Andres-Edery-ES-lr-300x207.jpg 300w\" sizes=\"auto, (max-width: 720px) 100vw, 720px\" \/><\/figure>\n<\/figure>\n\n\n\n<div style=\"height:50px\" aria-hidden=\"true\" class=\"wp-block-spacer\"><\/div>\n\n\n\n<p class=\"has-text-align-center mw-100\"><a href=\"https:\/\/worldpressfreedomcanada.ca\/fr\/prix\/laureats-precedents-du-prix\/\">Voir les anciens laur\u00e9ats du Prix international du concours de caricature \u00e9ditoriale<\/a><\/p>\n","protected":false},"excerpt":{"rendered":"<p>Prix international du concours de caricature \u00e9ditoriale Un moment fort du d\u00e9jeuner de la Journ\u00e9e mondiale de la libert\u00e9 de la presse est la reconnaissance des caricaturistes \u00e9ditoriaux du monde entier qui utilisent images et mots pour faire des commentaires percutants sur les enjeux mondiaux. Les caricatures \u00e9ditoriales constituent une forme essentielle d\u2019expression journalistique, employant [&hellip;]<\/p>\n","protected":false},"author":1,"featured_media":19907,"parent":19791,"menu_order":0,"comment_status":"closed","ping_status":"closed","template":"","meta":{"_acf_changed":false,"_price":"","_stock":"","_tribe_ticket_header":"","_tribe_default_ticket_provider":"","_tribe_ticket_capacity":"0","_ticket_start_date":"","_ticket_end_date":"","_tribe_ticket_show_description":"","_tribe_ticket_show_not_going":false,"_tribe_ticket_use_global_stock":"","_tribe_ticket_global_stock_level":"","_global_stock_mode":"","_global_stock_cap":"","_tribe_rsvp_for_event":"","_tribe_ticket_going_count":"","_tribe_ticket_not_going_count":"","_tribe_tickets_list":"[]","_tribe_ticket_has_attendee_info_fields":false,"footnotes":"","_tec_slr_enabled":"","_tec_slr_layout":""},"class_list":["post-19820","page","type-page","status-publish","has-post-thumbnail","hentry"],"acf":[],"yoast_head":"<!-- This site is optimized with the Yoast SEO plugin v27.5 - https:\/\/yoast.com\/product\/yoast-seo-wordpress\/ -->\n<title>Dessin \u00e9ditorial - World Press Freedom Canada<\/title>\n<meta name=\"robots\" content=\"index, follow, max-snippet:-1, max-image-preview:large, max-video-preview:-1\" \/>\n<link rel=\"canonical\" href=\"https:\/\/worldpressfreedomcanada.ca\/fr\/prix\/dessin-editorial\/\" \/>\n<meta property=\"og:locale\" content=\"fr_FR\" \/>\n<meta property=\"og:type\" content=\"article\" \/>\n<meta property=\"og:title\" content=\"Dessin \u00e9ditorial - World Press Freedom Canada\" \/>\n<meta property=\"og:description\" content=\"Prix international du concours de caricature \u00e9ditoriale Un moment fort du d\u00e9jeuner de la Journ\u00e9e mondiale de la libert\u00e9 de la presse est la reconnaissance des caricaturistes \u00e9ditoriaux du monde entier qui utilisent images et mots pour faire des commentaires percutants sur les enjeux mondiaux. Les caricatures \u00e9ditoriales constituent une forme essentielle d\u2019expression journalistique, employant [&hellip;]\" \/>\n<meta property=\"og:url\" content=\"https:\/\/worldpressfreedomcanada.ca\/fr\/prix\/dessin-editorial\/\" \/>\n<meta property=\"og:site_name\" content=\"World Press Freedom Canada\" \/>\n<meta property=\"article:modified_time\" content=\"2026-04-09T13:40:29+00:00\" \/>\n<meta property=\"og:image\" content=\"https:\/\/worldpressfreedomcanada.ca\/wp-content\/uploads\/2025\/02\/Cartoon_Banner.png\" \/>\n\t<meta property=\"og:image:width\" content=\"1440\" \/>\n\t<meta property=\"og:image:height\" content=\"502\" \/>\n\t<meta property=\"og:image:type\" content=\"image\/png\" \/>\n<meta name=\"twitter:card\" content=\"summary_large_image\" \/>\n<meta name=\"twitter:label1\" content=\"Dur\u00e9e de lecture estim\u00e9e\" \/>\n\t<meta name=\"twitter:data1\" content=\"9 minutes\" \/>\n<script type=\"application\/ld+json\" class=\"yoast-schema-graph\">{\"@context\":\"https:\\\/\\\/schema.org\",\"@graph\":[{\"@type\":\"WebPage\",\"@id\":\"https:\\\/\\\/worldpressfreedomcanada.ca\\\/fr\\\/prix\\\/dessin-editorial\\\/\",\"url\":\"https:\\\/\\\/worldpressfreedomcanada.ca\\\/fr\\\/prix\\\/dessin-editorial\\\/\",\"name\":\"Dessin \u00e9ditorial - World Press Freedom Canada\",\"isPartOf\":{\"@id\":\"https:\\\/\\\/worldpressfreedomcanada.ca\\\/fr\\\/#website\"},\"primaryImageOfPage\":{\"@id\":\"https:\\\/\\\/worldpressfreedomcanada.ca\\\/fr\\\/prix\\\/dessin-editorial\\\/#primaryimage\"},\"image\":{\"@id\":\"https:\\\/\\\/worldpressfreedomcanada.ca\\\/fr\\\/prix\\\/dessin-editorial\\\/#primaryimage\"},\"thumbnailUrl\":\"https:\\\/\\\/worldpressfreedomcanada.ca\\\/wp-content\\\/uploads\\\/2025\\\/02\\\/Cartoon_Banner.png\",\"datePublished\":\"2025-01-31T00:33:57+00:00\",\"dateModified\":\"2026-04-09T13:40:29+00:00\",\"breadcrumb\":{\"@id\":\"https:\\\/\\\/worldpressfreedomcanada.ca\\\/fr\\\/prix\\\/dessin-editorial\\\/#breadcrumb\"},\"inLanguage\":\"fr-FR\",\"potentialAction\":[{\"@type\":\"ReadAction\",\"target\":[\"https:\\\/\\\/worldpressfreedomcanada.ca\\\/fr\\\/prix\\\/dessin-editorial\\\/\"]}]},{\"@type\":\"ImageObject\",\"inLanguage\":\"fr-FR\",\"@id\":\"https:\\\/\\\/worldpressfreedomcanada.ca\\\/fr\\\/prix\\\/dessin-editorial\\\/#primaryimage\",\"url\":\"https:\\\/\\\/worldpressfreedomcanada.ca\\\/wp-content\\\/uploads\\\/2025\\\/02\\\/Cartoon_Banner.png\",\"contentUrl\":\"https:\\\/\\\/worldpressfreedomcanada.ca\\\/wp-content\\\/uploads\\\/2025\\\/02\\\/Cartoon_Banner.png\",\"width\":1440,\"height\":502},{\"@type\":\"BreadcrumbList\",\"@id\":\"https:\\\/\\\/worldpressfreedomcanada.ca\\\/fr\\\/prix\\\/dessin-editorial\\\/#breadcrumb\",\"itemListElement\":[{\"@type\":\"ListItem\",\"position\":1,\"name\":\"Home\",\"item\":\"https:\\\/\\\/worldpressfreedomcanada.ca\\\/fr\\\/\"},{\"@type\":\"ListItem\",\"position\":2,\"name\":\"Prix\",\"item\":\"https:\\\/\\\/worldpressfreedomcanada.ca\\\/fr\\\/prix\\\/\"},{\"@type\":\"ListItem\",\"position\":3,\"name\":\"Dessin \u00e9ditorial\"}]},{\"@type\":\"WebSite\",\"@id\":\"https:\\\/\\\/worldpressfreedomcanada.ca\\\/fr\\\/#website\",\"url\":\"https:\\\/\\\/worldpressfreedomcanada.ca\\\/fr\\\/\",\"name\":\"World Press Freedom Canada\",\"description\":\"Championing press freedom, defending democracy\",\"potentialAction\":[{\"@type\":\"SearchAction\",\"target\":{\"@type\":\"EntryPoint\",\"urlTemplate\":\"https:\\\/\\\/worldpressfreedomcanada.ca\\\/fr\\\/?s={search_term_string}\"},\"query-input\":{\"@type\":\"PropertyValueSpecification\",\"valueRequired\":true,\"valueName\":\"search_term_string\"}}],\"inLanguage\":\"fr-FR\"}]}<\/script>\n<!-- \/ Yoast SEO plugin. -->","yoast_head_json":{"title":"Dessin \u00e9ditorial - World Press Freedom Canada","robots":{"index":"index","follow":"follow","max-snippet":"max-snippet:-1","max-image-preview":"max-image-preview:large","max-video-preview":"max-video-preview:-1"},"canonical":"https:\/\/worldpressfreedomcanada.ca\/fr\/prix\/dessin-editorial\/","og_locale":"fr_FR","og_type":"article","og_title":"Dessin \u00e9ditorial - World Press Freedom Canada","og_description":"Prix international du concours de caricature \u00e9ditoriale Un moment fort du d\u00e9jeuner de la Journ\u00e9e mondiale de la libert\u00e9 de la presse est la reconnaissance des caricaturistes \u00e9ditoriaux du monde entier qui utilisent images et mots pour faire des commentaires percutants sur les enjeux mondiaux. Les caricatures \u00e9ditoriales constituent une forme essentielle d\u2019expression journalistique, employant [&hellip;]","og_url":"https:\/\/worldpressfreedomcanada.ca\/fr\/prix\/dessin-editorial\/","og_site_name":"World Press Freedom Canada","article_modified_time":"2026-04-09T13:40:29+00:00","og_image":[{"width":1440,"height":502,"url":"https:\/\/worldpressfreedomcanada.ca\/wp-content\/uploads\/2025\/02\/Cartoon_Banner.png","type":"image\/png"}],"twitter_card":"summary_large_image","twitter_misc":{"Dur\u00e9e de lecture estim\u00e9e":"9 minutes"},"schema":{"@context":"https:\/\/schema.org","@graph":[{"@type":"WebPage","@id":"https:\/\/worldpressfreedomcanada.ca\/fr\/prix\/dessin-editorial\/","url":"https:\/\/worldpressfreedomcanada.ca\/fr\/prix\/dessin-editorial\/","name":"Dessin \u00e9ditorial - World Press Freedom Canada","isPartOf":{"@id":"https:\/\/worldpressfreedomcanada.ca\/fr\/#website"},"primaryImageOfPage":{"@id":"https:\/\/worldpressfreedomcanada.ca\/fr\/prix\/dessin-editorial\/#primaryimage"},"image":{"@id":"https:\/\/worldpressfreedomcanada.ca\/fr\/prix\/dessin-editorial\/#primaryimage"},"thumbnailUrl":"https:\/\/worldpressfreedomcanada.ca\/wp-content\/uploads\/2025\/02\/Cartoon_Banner.png","datePublished":"2025-01-31T00:33:57+00:00","dateModified":"2026-04-09T13:40:29+00:00","breadcrumb":{"@id":"https:\/\/worldpressfreedomcanada.ca\/fr\/prix\/dessin-editorial\/#breadcrumb"},"inLanguage":"fr-FR","potentialAction":[{"@type":"ReadAction","target":["https:\/\/worldpressfreedomcanada.ca\/fr\/prix\/dessin-editorial\/"]}]},{"@type":"ImageObject","inLanguage":"fr-FR","@id":"https:\/\/worldpressfreedomcanada.ca\/fr\/prix\/dessin-editorial\/#primaryimage","url":"https:\/\/worldpressfreedomcanada.ca\/wp-content\/uploads\/2025\/02\/Cartoon_Banner.png","contentUrl":"https:\/\/worldpressfreedomcanada.ca\/wp-content\/uploads\/2025\/02\/Cartoon_Banner.png","width":1440,"height":502},{"@type":"BreadcrumbList","@id":"https:\/\/worldpressfreedomcanada.ca\/fr\/prix\/dessin-editorial\/#breadcrumb","itemListElement":[{"@type":"ListItem","position":1,"name":"Home","item":"https:\/\/worldpressfreedomcanada.ca\/fr\/"},{"@type":"ListItem","position":2,"name":"Prix","item":"https:\/\/worldpressfreedomcanada.ca\/fr\/prix\/"},{"@type":"ListItem","position":3,"name":"Dessin \u00e9ditorial"}]},{"@type":"WebSite","@id":"https:\/\/worldpressfreedomcanada.ca\/fr\/#website","url":"https:\/\/worldpressfreedomcanada.ca\/fr\/","name":"World Press Freedom Canada","description":"Championing press freedom, defending democracy","potentialAction":[{"@type":"SearchAction","target":{"@type":"EntryPoint","urlTemplate":"https:\/\/worldpressfreedomcanada.ca\/fr\/?s={search_term_string}"},"query-input":{"@type":"PropertyValueSpecification","valueRequired":true,"valueName":"search_term_string"}}],"inLanguage":"fr-FR"}]}},"ticketed":false,"_links":{"self":[{"href":"https:\/\/worldpressfreedomcanada.ca\/fr\/wp-json\/wp\/v2\/pages\/19820","targetHints":{"allow":["GET"]}}],"collection":[{"href":"https:\/\/worldpressfreedomcanada.ca\/fr\/wp-json\/wp\/v2\/pages"}],"about":[{"href":"https:\/\/worldpressfreedomcanada.ca\/fr\/wp-json\/wp\/v2\/types\/page"}],"author":[{"embeddable":true,"href":"https:\/\/worldpressfreedomcanada.ca\/fr\/wp-json\/wp\/v2\/users\/1"}],"replies":[{"embeddable":true,"href":"https:\/\/worldpressfreedomcanada.ca\/fr\/wp-json\/wp\/v2\/comments?post=19820"}],"version-history":[{"count":16,"href":"https:\/\/worldpressfreedomcanada.ca\/fr\/wp-json\/wp\/v2\/pages\/19820\/revisions"}],"predecessor-version":[{"id":21691,"href":"https:\/\/worldpressfreedomcanada.ca\/fr\/wp-json\/wp\/v2\/pages\/19820\/revisions\/21691"}],"up":[{"embeddable":true,"href":"https:\/\/worldpressfreedomcanada.ca\/fr\/wp-json\/wp\/v2\/pages\/19791"}],"wp:featuredmedia":[{"embeddable":true,"href":"https:\/\/worldpressfreedomcanada.ca\/fr\/wp-json\/wp\/v2\/media\/19907"}],"wp:attachment":[{"href":"https:\/\/worldpressfreedomcanada.ca\/fr\/wp-json\/wp\/v2\/media?parent=19820"}],"curies":[{"name":"wp","href":"https:\/\/api.w.org\/{rel}","templated":true}]}}